{"version":"1.0","provider_name":"AGROTEC Petronas Rally","provider_url":"https:\/\/www.agrotecrally.cz\/en","author_name":"Tom\u00e1\u0161 Plach\u00fd","author_url":"https:\/\/www.agrotecrally.cz\/en\/author\/topmediaseznam-cz\/","title":"Posledn\u00ed hodiny do uz\u00e1v\u011brky \u201erally mezi vinohrady\u201c | AGROTEC Petronas Rally","type":"rich","width":600,"height":338,"html":"<blockquote class=\"wp-embedded-content\" data-secret=\"aEwVlOxWn4\"><a href=\"https:\/\/www.agrotecrally.cz\/en\/rally-hustopece\/posledni-hodiny-do-uzaverky-rally-mezi-vinohrady\/\">Posledn\u00ed hodiny do uz\u00e1v\u011brky \u201erally mezi vinohrady\u201c<\/a><\/blockquote><iframe sandbox=\"allow-scripts\" security=\"restricted\" src=\"https:\/\/www.agrotecrally.cz\/en\/rally-hustopece\/posledni-hodiny-do-uzaverky-rally-mezi-vinohrady\/embed\/#?secret=aEwVlOxWn4\" width=\"600\" height=\"338\" title=\"&#8220;Posledn\u00ed hodiny do uz\u00e1v\u011brky \u201erally mezi vinohrady\u201c&#8221; &#8212; AGROTEC Petronas Rally\" data-secret=\"aEwVlOxWn4\" frameborder=\"0\" marginwidth=\"0\" marginheight=\"0\" scrolling=\"no\" class=\"wp-embedded-content\"><\/iframe><script type=\"text\/javascript\">\n\/* <![CDATA[ *\/\n\/*! This file is auto-generated *\/\n!function(d,l){\"use strict\";l.querySelector&&d.addEventListener&&\"undefined\"!=typeof URL&&(d.wp=d.wp||{},d.wp.receiveEmbedMessage||(d.wp.receiveEmbedMessage=function(e){var t=e.data;if((t||t.secret||t.message||t.value)&&!\/[^a-zA-Z0-9]\/.test(t.secret)){for(var s,r,n,a=l.querySelectorAll('iframe[data-secret=\"'+t.secret+'\"]'),o=l.querySelectorAll('blockquote[data-secret=\"'+t.secret+'\"]'),c=new RegExp(\"^https?:$\",\"i\"),i=0;i<o.length;i++)o[i].style.display=\"none\";for(i=0;i<a.length;i++)s=a[i],e.source===s.contentWindow&&(s.removeAttribute(\"style\"),\"height\"===t.message?(1e3<(r=parseInt(t.value,10))?r=1e3:~~r<200&&(r=200),s.height=r):\"link\"===t.message&&(r=new URL(s.getAttribute(\"src\")),n=new URL(t.value),c.test(n.protocol))&&n.host===r.host&&l.activeElement===s&&(d.top.location.href=t.value))}},d.addEventListener(\"message\",d.wp.receiveEmbedMessage,!1),l.addEventListener(\"DOMContentLoaded\",function(){for(var e,t,s=l.querySelectorAll(\"iframe.wp-embedded-content\"),r=0;r<s.length;r++)(t=(e=s[r]).getAttribute(\"data-secret\"))||(t=Math.random().toString(36).substring(2,12),e.src+=\"#?secret=\"+t,e.setAttribute(\"data-secret\",t)),e.contentWindow.postMessage({message:\"ready\",secret:t},\"*\")},!1)))}(window,document);\n\/* ]]> *\/\n<\/script>","thumbnail_url":"https:\/\/www.agrotecrally.cz\/wp-content\/uploads\/2022\/06\/Hustopece_2021_008.jpg","thumbnail_width":1595,"thumbnail_height":1063,"description":"Podve\u010der 6. \u010dervna 2022 bude posledn\u00ed mo\u017enost\u00ed pro p\u0159ihl\u00e1\u0161en\u00ed na AGROTEC PETRONAS rally v\u00a0Hustope\u010d\u00edch. \u010ctvrt\u00fd z\u00e1vod \u010desk\u00e9ho i slovensk\u00e9ho \u0161ampion\u00e1tu prob\u011bhne 17. \u2013 18. \u010dervna 2022. Sedmn\u00e1ct\u00fd ro\u010dn\u00edk hustope\u010dsk\u00e9 sout\u011b\u017ee bude z\u00e1rove\u0148 hostit \u00fa\u010dastn\u00edky Mistrovstv\u00ed FIA Z\u00f3ny st\u0159edn\u00ed Evropa (CEZ), stejn\u011b jako pos\u00e1dky historick\u00fdch vozidel. \u00a0 Organiza\u010dn\u00ed t\u00fdm pod veden\u00edm Martina Rady, \u0159editelky Petry Myn\u00e1\u0159ov\u00e9 [&hellip;]"}