{"version":"1.0","provider_name":"AGROTEC Petronas Rally","provider_url":"https:\/\/www.agrotecrally.cz\/en","author_name":"Tom\u00e1\u0161 Plach\u00fd","author_url":"https:\/\/www.agrotecrally.cz\/en\/author\/topmediaseznam-cz\/","title":"V\u00edt\u011bzi AGROTEC Petronas rally Pech s Uhlem | AGROTEC Petronas Rally","type":"rich","width":600,"height":338,"html":"<blockquote class=\"wp-embedded-content\" data-secret=\"HiZQttWOE7\"><a href=\"https:\/\/www.agrotecrally.cz\/en\/rally-hustopece\/vitezi-agrotec-petronas-rally-pech-s-uhlem\/\">V\u00edt\u011bzi AGROTEC Petronas rally Pech s Uhlem<\/a><\/blockquote><iframe sandbox=\"allow-scripts\" security=\"restricted\" src=\"https:\/\/www.agrotecrally.cz\/en\/rally-hustopece\/vitezi-agrotec-petronas-rally-pech-s-uhlem\/embed\/#?secret=HiZQttWOE7\" width=\"600\" height=\"338\" title=\"&#8220;V\u00edt\u011bzi AGROTEC Petronas rally Pech s Uhlem&#8221; &#8212; AGROTEC Petronas Rally\" data-secret=\"HiZQttWOE7\" frameborder=\"0\" marginwidth=\"0\" marginheight=\"0\" scrolling=\"no\" class=\"wp-embedded-content\"><\/iframe><script type=\"text\/javascript\">\n\/* <![CDATA[ *\/\n\/*! This file is auto-generated *\/\n!function(d,l){\"use strict\";l.querySelector&&d.addEventListener&&\"undefined\"!=typeof URL&&(d.wp=d.wp||{},d.wp.receiveEmbedMessage||(d.wp.receiveEmbedMessage=function(e){var t=e.data;if((t||t.secret||t.message||t.value)&&!\/[^a-zA-Z0-9]\/.test(t.secret)){for(var s,r,n,a=l.querySelectorAll('iframe[data-secret=\"'+t.secret+'\"]'),o=l.querySelectorAll('blockquote[data-secret=\"'+t.secret+'\"]'),c=new RegExp(\"^https?:$\",\"i\"),i=0;i<o.length;i++)o[i].style.display=\"none\";for(i=0;i<a.length;i++)s=a[i],e.source===s.contentWindow&&(s.removeAttribute(\"style\"),\"height\"===t.message?(1e3<(r=parseInt(t.value,10))?r=1e3:~~r<200&&(r=200),s.height=r):\"link\"===t.message&&(r=new URL(s.getAttribute(\"src\")),n=new URL(t.value),c.test(n.protocol))&&n.host===r.host&&l.activeElement===s&&(d.top.location.href=t.value))}},d.addEventListener(\"message\",d.wp.receiveEmbedMessage,!1),l.addEventListener(\"DOMContentLoaded\",function(){for(var e,t,s=l.querySelectorAll(\"iframe.wp-embedded-content\"),r=0;r<s.length;r++)(t=(e=s[r]).getAttribute(\"data-secret\"))||(t=Math.random().toString(36).substring(2,12),e.src+=\"#?secret=\"+t,e.setAttribute(\"data-secret\",t)),e.contentWindow.postMessage({message:\"ready\",secret:t},\"*\")},!1)))}(window,document);\n\/* ]]> *\/\n<\/script>","thumbnail_url":"https:\/\/www.agrotecrally.cz\/wp-content\/uploads\/2021\/06\/3FE1CE1D-lukas_urbanik.jpeg","thumbnail_width":1920,"thumbnail_height":1280,"description":"Stylem start-c\u00edl opanoval 16. ro\u010dn\u00edk AGROTEC Petronas rally V\u00e1clav Pech. S navig\u00e1torem Petrem Uhlem vyhr\u00e1li v Hustope\u010d\u00edch po\u010dtvrt\u00e9, letos s vozem Ford Focus WRC. Druh\u00e1 p\u0159\u00ed\u010dka pat\u0159\u00ed Janu Kopeck\u00e9mu, t\u0159et\u00ed dokon\u010dil \u201erally mezi vinicemi\u201c Filip Mare\u0161. Za \u010dtvrt\u00fdm Janem \u010cern\u00fdm a\u017e posledn\u00ed rychlostka ur\u010dila jezdce na p\u00e1t\u00e9 p\u0159\u00ed\u010dce, dev\u011bt desetin m\u011bl k dobru Dominik St\u0159\u00edtesk\u00fd [&hellip;]"}