{"version":"1.0","provider_name":"AGROTEC Petronas Rally","provider_url":"https:\/\/www.agrotecrally.cz\/en","author_name":"Tom\u00e1\u0161 Plach\u00fd","author_url":"https:\/\/www.agrotecrally.cz\/en\/author\/topmediaseznam-cz\/","title":"Kopeck\u00fd v z\u00e1v\u011bru prvn\u00edho dne p\u0159edstihl B\u0159ez\u00edka | AGROTEC Petronas Rally","type":"rich","width":600,"height":338,"html":"<blockquote class=\"wp-embedded-content\" data-secret=\"lfSI4PgRc2\"><a href=\"https:\/\/www.agrotecrally.cz\/en\/uncategorized\/kopecky-v-zaveru-prvniho-dne-predstihl-brezika\/\">Kopeck\u00fd v z\u00e1v\u011bru prvn\u00edho dne p\u0159edstihl B\u0159ez\u00edka<\/a><\/blockquote><iframe sandbox=\"allow-scripts\" security=\"restricted\" src=\"https:\/\/www.agrotecrally.cz\/en\/uncategorized\/kopecky-v-zaveru-prvniho-dne-predstihl-brezika\/embed\/#?secret=lfSI4PgRc2\" width=\"600\" height=\"338\" title=\"&#8220;Kopeck\u00fd v z\u00e1v\u011bru prvn\u00edho dne p\u0159edstihl B\u0159ez\u00edka&#8221; &#8212; AGROTEC Petronas Rally\" data-secret=\"lfSI4PgRc2\" frameborder=\"0\" marginwidth=\"0\" marginheight=\"0\" scrolling=\"no\" class=\"wp-embedded-content\"><\/iframe><script type=\"text\/javascript\">\n\/* <![CDATA[ *\/\n\/*! This file is auto-generated *\/\n!function(d,l){\"use strict\";l.querySelector&&d.addEventListener&&\"undefined\"!=typeof URL&&(d.wp=d.wp||{},d.wp.receiveEmbedMessage||(d.wp.receiveEmbedMessage=function(e){var t=e.data;if((t||t.secret||t.message||t.value)&&!\/[^a-zA-Z0-9]\/.test(t.secret)){for(var s,r,n,a=l.querySelectorAll('iframe[data-secret=\"'+t.secret+'\"]'),o=l.querySelectorAll('blockquote[data-secret=\"'+t.secret+'\"]'),c=new RegExp(\"^https?:$\",\"i\"),i=0;i<o.length;i++)o[i].style.display=\"none\";for(i=0;i<a.length;i++)s=a[i],e.source===s.contentWindow&&(s.removeAttribute(\"style\"),\"height\"===t.message?(1e3<(r=parseInt(t.value,10))?r=1e3:~~r<200&&(r=200),s.height=r):\"link\"===t.message&&(r=new URL(s.getAttribute(\"src\")),n=new URL(t.value),c.test(n.protocol))&&n.host===r.host&&l.activeElement===s&&(d.top.location.href=t.value))}},d.addEventListener(\"message\",d.wp.receiveEmbedMessage,!1),l.addEventListener(\"DOMContentLoaded\",function(){for(var e,t,s=l.querySelectorAll(\"iframe.wp-embedded-content\"),r=0;r<s.length;r++)(t=(e=s[r]).getAttribute(\"data-secret\"))||(t=Math.random().toString(36).substring(2,12),e.src+=\"#?secret=\"+t,e.setAttribute(\"data-secret\",t)),e.contentWindow.postMessage({message:\"ready\",secret:t},\"*\")},!1)))}(window,document);\n\/* ]]> *\/\n<\/script>","thumbnail_url":"https:\/\/www.agrotecrally.cz\/wp-content\/uploads\/2025\/06\/kopecky_hustopece25fd.jpg","thumbnail_width":980,"thumbnail_height":654,"description":"A\u017e z\u00e1v\u011bre\u010dn\u00e1 rychlostn\u00ed zkou\u0161ka druh\u00e9 sekce rozhodla o tom, \u017ee se pomysln\u00fdm v\u00edt\u011bzem prvn\u00ed etapy leto\u0161n\u00ed AGROTEC PETRONAS rally stal Jan Kopeck\u00fd na \u0160kod\u011b Fabii RS Rally2. Osmin\u00e1sobn\u00fd v\u00edt\u011bz hustope\u010dsk\u00e9 sout\u011b\u017ee toti\u017e dok\u00e1zal ve druh\u00fdch pr\u016fjezdech p\u00e1te\u010dn\u00edmi rychlostn\u00edmi zkou\u0161kami v\u00fdznamn\u011b zrychlit a zaznamenal tak\u00e9 nejlep\u0161\u00ed d\u00edl\u010d\u00ed \u010das na RZ 5. Do druh\u00e9 etapy tak nastoup\u00ed [&hellip;]"}