{"id":3017,"date":"2025-06-16T13:33:06","date_gmt":"2025-06-16T12:33:06","guid":{"rendered":"https:\/\/www.agrotecrally.cz\/?page_id=3017"},"modified":"2025-06-16T13:33:06","modified_gmt":"2025-06-16T12:33:06","slug":"boleradice-nemcicky-vpavlovice","status":"publish","type":"page","link":"https:\/\/www.agrotecrally.cz\/en\/mapy-a-casovy-harmonogram\/boleradice-nemcicky-vpavlovice\/","title":{"rendered":"RZ 3, 6 \/ Boleradice \u2013 N\u011bm\u010di\u010dky \u2013 V. Pavlovice"},"content":{"rendered":"<p>[et_pb_section fb_built=&#8220;1&#8243; next_background_color=&#8220;#ffffff&#8220; admin_label=&#8220;Hero&#8220; _builder_version=&#8220;4.16&#8243; background_color=&#8220;#008A78&#8243; background_image=&#8220;http:\/\/agrotecrally.marekmusil.cz\/wp-content\/uploads\/2021\/01\/circle-background-pattern.png&#8220; custom_padding=&#8220;67px|0px|67.1875px|0px|false|false&#8220; bottom_divider_style=&#8220;ramp2&#8243; bottom_divider_height=&#8220;125px&#8220; bottom_divider_flip=&#8220;horizontal&#8220; animation_style=&#8220;zoom&#8220; animation_intensity_zoom=&#8220;4%&#8220; global_colors_info=&#8220;{}&#8220;][et_pb_row _builder_version=&#8220;4.16&#8243; custom_padding=&#8220;|||&#8220; animation_style=&#8220;slide&#8220; animation_direction=&#8220;top&#8220; animation_intensity_slide=&#8220;3%&#8220; global_colors_info=&#8220;{}&#8220;][et_pb_column type=&#8220;4_4&#8243; _builder_version=&#8220;4.16&#8243; custom_padding=&#8220;|||&#8220; global_colors_info=&#8220;{}&#8220; custom_padding__hover=&#8220;|||&#8220;][et_pb_text _builder_version=&#8220;4.24.0&#8243; text_font=&#8220;||||||||&#8220; header_font=&#8220;|700||on|||||&#8220; header_text_color=&#8220;#f7f7f7&#8243; header_font_size=&#8220;60px&#8220; header_line_height=&#8220;1.3em&#8220; custom_margin=&#8220;|||&#8220; animation_style=&#8220;fade&#8220; header_font_size_tablet=&#8220;&#8220; header_font_size_phone=&#8220;34px&#8220; header_font_size_last_edited=&#8220;on|phone&#8220; locked=&#8220;off&#8220; global_colors_info=&#8220;{}&#8220;]<\/p>\n<h1>RZ 3, 6 \/ Boleradice \u2013 N\u011bm\u010di\u010dky \u2013 V. Pavlovice<\/h1>\n<p>&nbsp;<\/p>\n<p>[\/et_pb_text][\/et_pb_column][\/et_pb_row][\/et_pb_section][et_pb_section fb_built=&#8220;1&#8243; _builder_version=&#8220;4.16&#8243; _module_preset=&#8220;default&#8220; custom_padding=&#8220;||19px|||&#8220; animation_style=&#8220;fade&#8220; global_colors_info=&#8220;{}&#8220;][et_pb_row _builder_version=&#8220;4.24.0&#8243; _module_preset=&#8220;default&#8220; global_colors_info=&#8220;{}&#8220;][et_pb_column type=&#8220;4_4&#8243; _builder_version=&#8220;4.24.0&#8243; _module_preset=&#8220;default&#8220; global_colors_info=&#8220;{}&#8220;][et_pb_number_counter title=&#8220;d\u00e9lka rychlostn\u00ed zkou\u0161ky&#8220; number=&#8220;15.50 km&#8220; percent_sign=&#8220;off&#8220; _builder_version=&#8220;4.24.0&#8243; _module_preset=&#8220;default&#8220; global_colors_info=&#8220;{}&#8220;][\/et_pb_number_counter][\/et_pb_column][\/et_pb_row][et_pb_row column_structure=&#8220;1_2,1_2&#8243; _builder_version=&#8220;4.24.0&#8243; _module_preset=&#8220;default&#8220; global_colors_info=&#8220;{}&#8220;][et_pb_column type=&#8220;1_2&#8243; _builder_version=&#8220;4.24.0&#8243; _module_preset=&#8220;default&#8220; global_colors_info=&#8220;{}&#8220;][et_pb_number_counter title=&#8220;\u010das 1. jezdce RZ3&#8243; number=&#8220;18:26&#8243; percent_sign=&#8220;off&#8220; _builder_version=&#8220;4.24.0&#8243; _module_preset=&#8220;default&#8220; global_colors_info=&#8220;{}&#8220;][\/et_pb_number_counter][\/et_pb_column][et_pb_column type=&#8220;1_2&#8243; _builder_version=&#8220;4.24.0&#8243; _module_preset=&#8220;default&#8220; global_colors_info=&#8220;{}&#8220;][et_pb_number_counter title=&#8220;\u010das 1. jezdce RZ6&#8243; number=&#8220;21:50&#8243; percent_sign=&#8220;off&#8220; _builder_version=&#8220;4.24.0&#8243; _module_preset=&#8220;default&#8220; global_colors_info=&#8220;{}&#8220;][\/et_pb_number_counter][\/et_pb_column][\/et_pb_row][\/et_pb_section][et_pb_section fb_built=&#8220;1&#8243; _builder_version=&#8220;4.24.0&#8243; _module_preset=&#8220;default&#8220; global_colors_info=&#8220;{}&#8220;][et_pb_row _builder_version=&#8220;4.24.0&#8243; _module_preset=&#8220;default&#8220; global_colors_info=&#8220;{}&#8220;][et_pb_column type=&#8220;4_4&#8243; _builder_version=&#8220;4.24.0&#8243; _module_preset=&#8220;default&#8220; global_colors_info=&#8220;{}&#8220;][et_pb_text _builder_version=&#8220;4.24.0&#8243; _module_preset=&#8220;default&#8220; global_colors_info=&#8220;{}&#8220;]<\/p>\n<p>Lo\u0148sk\u00fd, m\u00edrn\u011b upraven\u00fd m\u011b\u0159en\u00fd \u00fasek. Start se po\u00a0letech vrac\u00ed k\u00a0posledn\u00edmu domu Boleradic, respektive za\u00a0zna\u010dku konec obce. U\u00a0startu je m\u00edsto pro div\u00e1ky jen na\u00a0svahu po\u00a0lev\u00e9 stran\u011b. Prvn\u00ed kilometr vede po\u00a0\u0161irok\u00e9m asfaltu s\u00a0n\u011bkolika z\u00e1krutami, pak prudce odbo\u010d\u00ed na\u00a0kr\u00e1tkou \u0161otolinu a\u00a0n\u00e1sleduj\u00edc\u00ed levou \u201ekosu\u201c vede zp\u011bt na\u00a0asfalt. Zde je div\u00e1ck\u00e9 m\u00edsto <strong>DM F<\/strong>. P\u0159\u00edjezd je od\u00a0Horn\u00edch Bojanovic. Parkov\u00e1n\u00ed vpravo na\u00a0hlavn\u00ed silnici od\u00a0kostela nahoru. Zde bude regulov\u00e1n po\u010det div\u00e1k\u016f, m\u00edsto je tu omezen\u00e9 a\u00a0je z\u00a0\u010d\u00e1sti na\u00a0soukrom\u00e9m pozemku.<\/p>\n<p>Po\u00a0objet\u00ed ostr\u016fvku v\u00a0k\u0159i\u017eovatce jedou auta znovu po\u00a0kr\u00e1sn\u00e9m asfaltu a\u017e na\u00a0km 2,38, kde odbo\u010d\u00ed do\u00a0lesn\u00edch pas\u00e1\u017e\u00ed kolem Ov\u010d\u00edch teras.<\/p>\n<p><strong><u>Tip pro div\u00e1ky:<\/u> P\u0159\u00edstup z\u00a0N\u011bm\u010di\u010dek po\u00a0panelov\u00e9 cest\u011b a\u00a0potom p\u011b\u0161ky. V\u00a0lese za\u00a0stromy se budete c\u00edtit bezpe\u010dn\u011b, ale mus\u00edte dorazit v\u010das, tzn. minim\u00e1ln\u011b hodinu p\u0159ed startem prvn\u00edho vozidla. <\/strong><\/p>\n<p>\u00dazk\u00e1 lesn\u00ed cesta d\u00e1l vede a\u017e k\u00a0rozhledn\u011b, kter\u00e1 je z\u00a0technick\u00fdch d\u016fvod\u016f uzav\u0159ena! Div\u00e1ci ji tedy bohu\u017eel nebudou moci vyu\u017e\u00edt! D\u00e1le n\u00e1sleduje klikat\u00fd sjezd do\u00a0N\u011bm\u010di\u010dek ke\u00a0koupali\u0161ti, kde se nach\u00e1z\u00ed dal\u0161\u00ed div\u00e1ck\u00e9 m\u00edsto <strong>DM G<\/strong>. Uvid\u00edte sjezd z\u00a0kopce, pln\u00e9 brzdy a\u00a0z\u00fa\u017een\u00e9 lev\u00e9 odbo\u010den\u00ed na\u00a0\u0161irok\u00fd asfalt.<\/p>\n<p><strong><u>Tip pro div\u00e1ky:<\/u> Parkov\u00e1n\u00ed u\u00a0h\u0159i\u0161t\u011b nebo vpravo na\u00a0p\u0159\u00edjezdov\u00e9 komunikaci. Ob\u010derstven\u00ed zaji\u0161t\u011bno.<\/strong><\/p>\n<p>Navazuje rychl\u00fd \u00fasek do\u00a0Bo\u0159etic se zpomalovac\u00edm retard\u00e9rem a\u00a0na\u00a0k\u0159i\u017eovatce v\u00a0Bo\u0159etic\u00edch prav\u00e9 odbo\u010den\u00ed k\u00a0leti\u0161ti. V\u00a0Bo\u0159etic\u00edch, v\u00a0\u010d\u00e1sti Krav\u00ed hora, je <strong>DM H<\/strong>. Parkujte vpravo na\u00a0okraji silnice nebo hned u\u00a0kolej\u00ed a\u00a0dojd\u011bte p\u011b\u0161ky. Za\u00a0leti\u0161t\u011bm je p\u0159ehledn\u00e1 prav\u00e1 zat\u00e1\u010dka a\u00a0za\u00a0sadem t\u011b\u017ek\u00e1 lev\u00e1 p\u0159es horizont. Pro \u0159idi\u010de je velmi n\u00e1ro\u010dn\u00e1 na\u00a0v\u00fdb\u011br ide\u00e1ln\u00ed stopy. St\u00e1t m\u016f\u017eete p\u0159ed horizontem vpravo na\u00a0stezce. Za\u00a0horizontem a\u00a0zat\u00e1\u010dkou vpravo a\u00a0vlevo nebude st\u00e1n\u00ed povoleno, jedn\u00e1 se o\u00a0velmi nebezpe\u010dn\u00fd \u00fasek! N\u00e1sleduje usk\u00e1kan\u00e9 stoup\u00e1n\u00ed k\u00a0m\u00edstu zvan\u00e9mu Puclejty (<strong>DM CH<\/strong>), kde se ost\u0159e obj\u00ed\u017ed\u00ed a\u00a0pak podj\u00ed\u017ed\u00ed rampa (j\u00e1ma).<\/p>\n<p><strong><u>Tip pro div\u00e1ky:<\/u> P\u0159\u00edchod od\u00a0N\u011bm\u010di\u010dek od\u00a0vyhl\u00eddky Puclejty.<\/strong><\/p>\n<p>N\u00e1sleduje kles\u00e1n\u00ed mezi vinohrady (zpest\u0159en\u00e9 panelovou cestou) na\u00a0zkratku mezi Bo\u0159eticemi a\u00a0Velk\u00fdmi Pavlovicemi. Posledn\u00ed zaj\u00edmav\u00e1 m\u00edsta jsou jen 300 a\u017e 500 metr\u016f od\u00a0c\u00edle. Je to t\u011b\u017ek\u00e1 lev\u00e1 zat\u00e1\u010dka schovan\u00e1 za\u00a0horizontem a\u00a0prav\u00e1 \u201ec\u00edlov\u00e1\u201c je za\u00a0mostkem. V\u017edy mus\u00edte st\u00e1t na\u00a0svahu vpravo nad trat\u00ed. Doj\u00edt m\u016f\u017eete od\u00a0stanovi\u0161t\u011b \u201eSTOP\u201c od\u00a0Velk\u00fdch Pavlovic s\u00a0v\u011bt\u0161\u00edm \u010dasov\u00fdm p\u0159edstihem.<\/p>\n<p>[\/et_pb_text][\/et_pb_column][\/et_pb_row][et_pb_row _builder_version=&#8220;4.24.0&#8243; _module_preset=&#8220;default&#8220; global_colors_info=&#8220;{}&#8220;][et_pb_column type=&#8220;4_4&#8243; _builder_version=&#8220;4.24.0&#8243; _module_preset=&#8220;default&#8220; global_colors_info=&#8220;{}&#8220;][et_pb_image src=&#8220;https:\/\/www.agrotecrally.cz\/wp-content\/uploads\/2025\/06\/Rally-2025_RZ_36-scaled.jpg&#8220; title_text=&#8220;Rally 2025_RZ_3,6&#8243; show_in_lightbox=&#8220;on&#8220; align=&#8220;center&#8220; _builder_version=&#8220;4.24.0&#8243; _module_preset=&#8220;default&#8220; global_colors_info=&#8220;{}&#8220;][\/et_pb_image][et_pb_text _builder_version=&#8220;4.24.0&#8243; _module_preset=&#8220;default&#8220; global_colors_info=&#8220;{}&#8220;]<\/p>\n<h2 style=\"text-align: center;\"><strong>Div\u00e1ck\u00e1 m\u00edsta<\/strong><\/h2>\n<p>[\/et_pb_text][\/et_pb_column][\/et_pb_row][et_pb_row column_structure=&#8220;1_2,1_2&#8243; _builder_version=&#8220;4.24.0&#8243; _module_preset=&#8220;default&#8220; global_colors_info=&#8220;{}&#8220;][et_pb_column type=&#8220;1_2&#8243; _builder_version=&#8220;4.24.0&#8243; _module_preset=&#8220;default&#8220; global_colors_info=&#8220;{}&#8220;][et_pb_image src=&#8220;https:\/\/www.agrotecrally.cz\/wp-content\/uploads\/2025\/06\/nakresy_DM_web6.jpg&#8220; title_text=&#8220;nakresy_DM_web6&#8243; _builder_version=&#8220;4.24.0&#8243; _module_preset=&#8220;default&#8220; global_colors_info=&#8220;{}&#8220;][\/et_pb_image][\/et_pb_column][et_pb_column type=&#8220;1_2&#8243; _builder_version=&#8220;4.24.0&#8243; _module_preset=&#8220;default&#8220; global_colors_info=&#8220;{}&#8220;][et_pb_image src=&#8220;https:\/\/www.agrotecrally.cz\/wp-content\/uploads\/2025\/06\/foto_DM_web6.jpg&#8220; title_text=&#8220;foto_DM_web6&#8243; _builder_version=&#8220;4.24.0&#8243; _module_preset=&#8220;default&#8220; global_colors_info=&#8220;{}&#8220;][\/et_pb_image][\/et_pb_column][\/et_pb_row][et_pb_row _builder_version=&#8220;4.24.0&#8243; _module_preset=&#8220;default&#8220;][et_pb_column _builder_version=&#8220;4.24.0&#8243; _module_preset=&#8220;default&#8220; type=&#8220;4_4&#8243;][et_pb_code _builder_version=&#8220;4.24.0&#8243; _module_preset=&#8220;default&#8220; hover_enabled=&#8220;0&#8243; sticky_enabled=&#8220;0&#8243;]<iframe loading=\"lazy\" width=\"100%\" height=\"640\" frameborder=\"0\" allow=\"xr-spatial-tracking; gyroscope; accelerometer\" allowfullscreen scrolling=\"no\" src=\"https:\/\/www.kuula.co\/share\/collection\/71KzD?logo=0&#038;info=1&#038;fs=1&#038;vr=1&#038;sd=1&#038;thumbs=1\"><\/iframe>[\/et_pb_code][\/et_pb_column][\/et_pb_row][et_pb_row column_structure=&#8220;1_2,1_2&#8243; _builder_version=&#8220;4.24.0&#8243; _module_preset=&#8220;default&#8220; global_colors_info=&#8220;{}&#8220;][et_pb_column type=&#8220;1_2&#8243; _builder_version=&#8220;4.24.0&#8243; _module_preset=&#8220;default&#8220; global_colors_info=&#8220;{}&#8220;][et_pb_image src=&#8220;https:\/\/www.agrotecrally.cz\/wp-content\/uploads\/2025\/06\/nakresy_DM_web7.jpg&#8220; title_text=&#8220;nakresy_DM_web7&#8243; align=&#8220;center&#8220; _builder_version=&#8220;4.24.0&#8243; _module_preset=&#8220;default&#8220; global_colors_info=&#8220;{}&#8220;][\/et_pb_image][\/et_pb_column][et_pb_column type=&#8220;1_2&#8243; _builder_version=&#8220;4.24.0&#8243; _module_preset=&#8220;default&#8220; global_colors_info=&#8220;{}&#8220;][et_pb_image src=&#8220;https:\/\/www.agrotecrally.cz\/wp-content\/uploads\/2025\/06\/foto_DM_web7.jpg&#8220; title_text=&#8220;foto_DM_web7&#8243; align=&#8220;center&#8220; _builder_version=&#8220;4.24.0&#8243; _module_preset=&#8220;default&#8220; global_colors_info=&#8220;{}&#8220;][\/et_pb_image][et_pb_image src=&#8220;https:\/\/www.agrotecrally.cz\/wp-content\/uploads\/2025\/06\/foto_DM_web8.jpg&#8220; title_text=&#8220;foto_DM_web8&#8243; align=&#8220;center&#8220; _builder_version=&#8220;4.24.0&#8243; _module_preset=&#8220;default&#8220; global_colors_info=&#8220;{}&#8220;][\/et_pb_image][\/et_pb_column][\/et_pb_row][et_pb_row _builder_version=&#8220;4.24.0&#8243; _module_preset=&#8220;default&#8220;][et_pb_column _builder_version=&#8220;4.24.0&#8243; _module_preset=&#8220;default&#8220; type=&#8220;4_4&#8243;][et_pb_code _builder_version=&#8220;4.24.0&#8243; _module_preset=&#8220;default&#8220; hover_enabled=&#8220;0&#8243; sticky_enabled=&#8220;0&#8243;]<iframe loading=\"lazy\" width=\"100%\" height=\"640\" frameborder=\"0\" allow=\"xr-spatial-tracking; gyroscope; accelerometer\" allowfullscreen scrolling=\"no\" src=\"https:\/\/www.kuula.co\/share\/collection\/71KzH?logo=0&#038;info=1&#038;fs=1&#038;vr=1&#038;sd=1&#038;thumbs=1\"><\/iframe>[\/et_pb_code][\/et_pb_column][\/et_pb_row][et_pb_row column_structure=&#8220;1_2,1_2&#8243; _builder_version=&#8220;4.24.0&#8243; _module_preset=&#8220;default&#8220; global_colors_info=&#8220;{}&#8220;][et_pb_column type=&#8220;1_2&#8243; _builder_version=&#8220;4.24.0&#8243; _module_preset=&#8220;default&#8220; global_colors_info=&#8220;{}&#8220;][et_pb_image src=&#8220;https:\/\/www.agrotecrally.cz\/wp-content\/uploads\/2025\/06\/nakresy_DM_web8.jpg&#8220; title_text=&#8220;nakresy_DM_web8&#8243; align=&#8220;center&#8220; _builder_version=&#8220;4.24.0&#8243; _module_preset=&#8220;default&#8220; global_colors_info=&#8220;{}&#8220;][\/et_pb_image][\/et_pb_column][et_pb_column type=&#8220;1_2&#8243; _builder_version=&#8220;4.24.0&#8243; _module_preset=&#8220;default&#8220; global_colors_info=&#8220;{}&#8220;][et_pb_image src=&#8220;https:\/\/www.agrotecrally.cz\/wp-content\/uploads\/2025\/06\/foto_DM_web9.jpg&#8220; title_text=&#8220;foto_DM_web9&#8243; align=&#8220;center&#8220; _builder_version=&#8220;4.24.0&#8243; _module_preset=&#8220;default&#8220; global_colors_info=&#8220;{}&#8220;][\/et_pb_image][\/et_pb_column][\/et_pb_row][et_pb_row _builder_version=&#8220;4.24.0&#8243; _module_preset=&#8220;default&#8220;][et_pb_column _builder_version=&#8220;4.24.0&#8243; _module_preset=&#8220;default&#8220; type=&#8220;4_4&#8243;][et_pb_code _builder_version=&#8220;4.24.0&#8243; _module_preset=&#8220;default&#8220; hover_enabled=&#8220;0&#8243; sticky_enabled=&#8220;0&#8243;]<iframe loading=\"lazy\" width=\"100%\" height=\"640\" frameborder=\"0\" allow=\"xr-spatial-tracking; gyroscope; accelerometer\" allowfullscreen scrolling=\"no\" src=\"https:\/\/www.kuula.co\/share\/collection\/71Kz8?logo=0&#038;info=0&#038;fs=1&#038;vr=1&#038;sd=1&#038;initload=0&#038;thumbs=1\"><\/iframe>[\/et_pb_code][\/et_pb_column][\/et_pb_row][et_pb_row column_structure=&#8220;1_2,1_2&#8243; _builder_version=&#8220;4.24.0&#8243; _module_preset=&#8220;default&#8220; global_colors_info=&#8220;{}&#8220;][et_pb_column type=&#8220;1_2&#8243; _builder_version=&#8220;4.24.0&#8243; _module_preset=&#8220;default&#8220; global_colors_info=&#8220;{}&#8220;][et_pb_image src=&#8220;https:\/\/www.agrotecrally.cz\/wp-content\/uploads\/2025\/06\/nakresy_DM_web9.jpg&#8220; title_text=&#8220;nakresy_DM_web9&#8243; _builder_version=&#8220;4.24.0&#8243; _module_preset=&#8220;default&#8220; global_colors_info=&#8220;{}&#8220;][\/et_pb_image][\/et_pb_column][et_pb_column type=&#8220;1_2&#8243; _builder_version=&#8220;4.24.0&#8243; _module_preset=&#8220;default&#8220; global_colors_info=&#8220;{}&#8220;][et_pb_image src=&#8220;https:\/\/www.agrotecrally.cz\/wp-content\/uploads\/2025\/06\/foto_DM_web10.jpg&#8220; title_text=&#8220;foto_DM_web10&#8243; align=&#8220;center&#8220; _builder_version=&#8220;4.24.0&#8243; _module_preset=&#8220;default&#8220; global_colors_info=&#8220;{}&#8220;][\/et_pb_image][\/et_pb_column][\/et_pb_row][et_pb_row _builder_version=&#8220;4.24.0&#8243; _module_preset=&#8220;default&#8220; global_colors_info=&#8220;{}&#8220;][et_pb_column type=&#8220;4_4&#8243; _builder_version=&#8220;4.24.0&#8243; _module_preset=&#8220;default&#8220; global_colors_info=&#8220;{}&#8220;][et_pb_code _builder_version=&#8220;4.24.0&#8243; _module_preset=&#8220;default&#8220; hover_enabled=&#8220;0&#8243; sticky_enabled=&#8220;0&#8243;]<iframe loading=\"lazy\" width=\"100%\" height=\"640\" frameborder=\"0\" allow=\"xr-spatial-tracking; gyroscope; accelerometer\" allowfullscreen scrolling=\"no\" src=\"https:\/\/www.kuula.co\/share\/collection\/71Kzv?logo=0&#038;info=1&#038;fs=1&#038;vr=1&#038;sd=1&#038;thumbs=1\"><\/iframe>[\/et_pb_code][\/et_pb_column][\/et_pb_row][\/et_pb_section][et_pb_section fb_built=&#8220;1&#8243; _builder_version=&#8220;4.24.0&#8243; _module_preset=&#8220;default&#8220; global_colors_info=&#8220;{}&#8220;][et_pb_row _builder_version=&#8220;4.24.0&#8243; _module_preset=&#8220;default&#8220; global_colors_info=&#8220;{}&#8220;][et_pb_column type=&#8220;4_4&#8243; _builder_version=&#8220;4.24.0&#8243; _module_preset=&#8220;default&#8220; global_colors_info=&#8220;{}&#8220;][et_pb_image src=&#8220;https:\/\/www.agrotecrally.cz\/wp-content\/uploads\/2024\/06\/RALLY_lesy_RZ_3_6_a_RZ_7_10.jpg&#8220; title_text=&#8220;RALLY_lesy_RZ_3_6_a_RZ_7_10&#8243; align=&#8220;center&#8220; _builder_version=&#8220;4.24.0&#8243; _module_preset=&#8220;default&#8220; global_colors_info=&#8220;{}&#8220;][\/et_pb_image][\/et_pb_column][\/et_pb_row][\/et_pb_section][et_pb_section fb_built=&#8220;1&#8243; _builder_version=&#8220;4.24.0&#8243; _module_preset=&#8220;default&#8220; global_colors_info=&#8220;{}&#8220;][et_pb_row _builder_version=&#8220;4.24.0&#8243; _module_preset=&#8220;default&#8220; global_colors_info=&#8220;{}&#8220;][et_pb_column type=&#8220;4_4&#8243; _builder_version=&#8220;4.24.0&#8243; _module_preset=&#8220;default&#8220; global_colors_info=&#8220;{}&#8220;][et_pb_text _builder_version=&#8220;4.24.0&#8243; _module_preset=&#8220;default&#8220; global_colors_info=&#8220;{}&#8220;]<\/p>\n<h2 style=\"text-align: center;\"><strong>P\u00e1sky vymezuj\u00edc\u00ed prostor ur\u010den\u00fd pro div\u00e1ky<\/strong><\/h2>\n<p>[\/et_pb_text][\/et_pb_column][\/et_pb_row][et_pb_row column_structure=&#8220;1_2,1_2&#8243; _builder_version=&#8220;4.24.0&#8243; _module_preset=&#8220;default&#8220; global_colors_info=&#8220;{}&#8220;][et_pb_column type=&#8220;1_2&#8243; _builder_version=&#8220;4.24.0&#8243; _module_preset=&#8220;default&#8220; global_colors_info=&#8220;{}&#8220;][et_pb_image src=&#8220;https:\/\/www.agrotecrally.cz\/wp-content\/uploads\/2024\/06\/RALLY_pasky2.jpg&#8220; title_text=&#8220;RALLY_pasky2&#8243; _builder_version=&#8220;4.24.0&#8243; _module_preset=&#8220;default&#8220; global_colors_info=&#8220;{}&#8220;][\/et_pb_image][\/et_pb_column][et_pb_column type=&#8220;1_2&#8243; _builder_version=&#8220;4.24.0&#8243; _module_preset=&#8220;default&#8220; global_colors_info=&#8220;{}&#8220;][et_pb_image src=&#8220;https:\/\/www.agrotecrally.cz\/wp-content\/uploads\/2024\/06\/RALLY_pasky.jpg&#8220; title_text=&#8220;RALLY_pasky&#8220; _builder_version=&#8220;4.24.0&#8243; _module_preset=&#8220;default&#8220; global_colors_info=&#8220;{}&#8220;][\/et_pb_image][\/et_pb_column][\/et_pb_row][\/et_pb_section][et_pb_section fb_built=&#8220;1&#8243; prev_background_color=&#8220;#ffffff&#8220; admin_label=&#8220;Hero&#8220; _builder_version=&#8220;4.16&#8243; background_color=&#8220;#008A78&#8243; background_image=&#8220;http:\/\/agrotecrally.marekmusil.cz\/wp-content\/uploads\/2021\/01\/circle-background-pattern.png&#8220; custom_padding=&#8220;59px|0px|28.2px|0px|false|false&#8220; top_divider_style=&#8220;ramp2&#8243; top_divider_flip=&#8220;horizontal&#8220; bottom_divider_height=&#8220;125px&#8220; bottom_divider_flip=&#8220;horizontal&#8220; animation_style=&#8220;zoom&#8220; animation_intensity_zoom=&#8220;4%&#8220; global_colors_info=&#8220;{}&#8220;][et_pb_row disabled_on=&#8220;on|on|on&#8220; _builder_version=&#8220;4.16&#8243; custom_padding=&#8220;|||&#8220; animation_style=&#8220;slide&#8220; animation_direction=&#8220;top&#8220; animation_intensity_slide=&#8220;3%&#8220; disabled=&#8220;on&#8220; locked=&#8220;off&#8220; global_colors_info=&#8220;{}&#8220;][et_pb_column type=&#8220;4_4&#8243; _builder_version=&#8220;4.16&#8243; custom_padding=&#8220;|||&#8220; global_colors_info=&#8220;{}&#8220; custom_padding__hover=&#8220;|||&#8220;][et_pb_text _builder_version=&#8220;4.16&#8243; text_font=&#8220;||||||||&#8220; header_font=&#8220;|700||on|||||&#8220; header_text_align=&#8220;center&#8220; header_text_color=&#8220;#000000&#8243; header_font_size=&#8220;48px&#8220; header_line_height=&#8220;1.3em&#8220; header_2_font=&#8220;|700||on|||||&#8220; header_2_text_align=&#8220;center&#8220; header_2_text_color=&#8220;#f7f7f7&#8243; header_2_font_size=&#8220;48px&#8220; header_6_font=&#8220;|||on|||||&#8220; header_6_text_align=&#8220;center&#8220; header_6_font_size=&#8220;17px&#8220; header_6_line_height=&#8220;1.6em&#8220; custom_margin=&#8220;|||&#8220; custom_padding=&#8220;49px|||||&#8220; animation_style=&#8220;fade&#8220; header_font_size_last_edited=&#8220;off|desktop&#8220; header_2_font_size_tablet=&#8220;&#8220; header_2_font_size_phone=&#8220;40px&#8220; header_2_font_size_last_edited=&#8220;on|phone&#8220; locked=&#8220;off&#8220; global_colors_info=&#8220;{}&#8220;]<\/p>\n<h6>Pro div\u00e1ky<\/h6>\n<h2>Interaktivn\u00ed mapy<\/h2>\n<p>[\/et_pb_text][et_pb_button button_url=&#8220;https:\/\/www.agrotecrally.cz\/divaci#interaktivni-mapy&#8220; button_text=&#8220;Najdete v sekci Div\u00e1ci&#8220; button_alignment=&#8220;center&#8220; _builder_version=&#8220;4.16&#8243; _module_preset=&#8220;default&#8220; custom_button=&#8220;on&#8220; button_text_size=&#8220;18px&#8220; button_text_color=&#8220;#FFFFFF&#8220; button_bg_color_last_edited=&#8220;off|desktop&#8220; global_colors_info=&#8220;{}&#8220; button_bg_color__hover_enabled=&#8220;on|hover&#8220; button_bg_color__hover=&#8220;#FFFFFF&#8220; button_bg_enable_color__hover=&#8220;on&#8220; button_text_color__hover_enabled=&#8220;on|hover&#8220; button_text_color__hover=&#8220;#008A78&#8243;][\/et_pb_button][\/et_pb_column][\/et_pb_row][\/et_pb_section]<\/p>","protected":false},"excerpt":{"rendered":"<p>RZ 3, 6 \/ Boleradice \u2013 N\u011bm\u010di\u010dky \u2013 V. Pavlovice &nbsp;Lo\u0148sk\u00fd, m\u00edrn\u011b upraven\u00fd m\u011b\u0159en\u00fd \u00fasek. Start se po\u00a0letech vrac\u00ed k\u00a0posledn\u00edmu domu Boleradic, respektive za\u00a0zna\u010dku konec obce. U\u00a0startu je m\u00edsto pro div\u00e1ky jen na\u00a0svahu po\u00a0lev\u00e9 stran\u011b. Prvn\u00ed kilometr vede po\u00a0\u0161irok\u00e9m asfaltu s\u00a0n\u011bkolika z\u00e1krutami, pak prudce odbo\u010d\u00ed na\u00a0kr\u00e1tkou \u0161otolinu a\u00a0n\u00e1sleduj\u00edc\u00ed levou \u201ekosu\u201c vede zp\u011bt na\u00a0asfalt. Zde je [&hellip;]<\/p>","protected":false},"author":5,"featured_media":1001,"parent":1152,"menu_order":0,"comment_status":"closed","ping_status":"closed","template":"","meta":{"_et_pb_use_builder":"on","_et_pb_old_content":"","_et_gb_content_width":"","footnotes":""},"yoast_head":"<!-- This site is optimized with the Yoast SEO plugin v21.9.1 - https:\/\/yoast.com\/wordpress\/plugins\/seo\/ -->\n<title>RZ 3, 6 \/ Boleradice \u2013 N\u011bm\u010di\u010dky \u2013 V. Pavlovice | AGROTEC Petronas Rally<\/title>\n<meta name=\"description\" content=\"Pod\u00edvejte se na mapy jednotliv\u00fdch rychlostn\u00edch zkou\u0161ek i celkov\u00e9 mapy etap v\u010detn\u011b \u010dasov\u00e9ho harmonogramu AGROTEC Petronas rally 2021.\" \/>\n<meta name=\"robots\" content=\"index, follow, max-snippet:-1, max-image-preview:large, max-video-preview:-1\" \/>\n<link rel=\"canonical\" href=\"https:\/\/www.agrotecrally.cz\/en\/mapy-a-casovy-harmonogram\/boleradice-nemcicky-vpavlovice\/\" \/>\n<meta property=\"og:locale\" content=\"en_GB\" \/>\n<meta property=\"og:type\" content=\"article\" \/>\n<meta property=\"og:title\" content=\"RZ 3, 6 \/ Boleradice \u2013 N\u011bm\u010di\u010dky \u2013 V. Pavlovice | AGROTEC Petronas Rally\" \/>\n<meta property=\"og:description\" content=\"Pod\u00edvejte se na mapy jednotliv\u00fdch rychlostn\u00edch zkou\u0161ek i celkov\u00e9 mapy etap v\u010detn\u011b \u010dasov\u00e9ho harmonogramu AGROTEC Petronas rally 2021.\" \/>\n<meta property=\"og:url\" content=\"https:\/\/www.agrotecrally.cz\/en\/mapy-a-casovy-harmonogram\/boleradice-nemcicky-vpavlovice\/\" \/>\n<meta property=\"og:site_name\" content=\"AGROTEC Petronas Rally\" \/>\n<meta property=\"article:publisher\" content=\"https:\/\/www.facebook.com\/agrotecrally\" \/>\n<meta property=\"og:image\" content=\"https:\/\/www.agrotecrally.cz\/wp-content\/uploads\/2021\/06\/IMGP4058-Edit.jpg\" \/>\n\t<meta property=\"og:image:width\" content=\"2011\" \/>\n\t<meta property=\"og:image:height\" content=\"1342\" \/>\n\t<meta property=\"og:image:type\" content=\"image\/jpeg\" \/>\n<meta name=\"twitter:card\" content=\"summary_large_image\" \/>\n<meta name=\"twitter:label1\" content=\"Estimated reading time\" \/>\n\t<meta name=\"twitter:data1\" content=\"5 minutes\" \/>\n<script type=\"application\/ld+json\" class=\"yoast-schema-graph\">{\"@context\":\"https:\/\/schema.org\",\"@graph\":[{\"@type\":\"WebPage\",\"@id\":\"https:\/\/www.agrotecrally.cz\/mapy-a-casovy-harmonogram\/boleradice-nemcicky-vpavlovice\/\",\"url\":\"https:\/\/www.agrotecrally.cz\/mapy-a-casovy-harmonogram\/boleradice-nemcicky-vpavlovice\/\",\"name\":\"RZ 3, 6 \/ Boleradice \u2013 N\u011bm\u010di\u010dky \u2013 V. Pavlovice | AGROTEC Petronas Rally\",\"isPartOf\":{\"@id\":\"https:\/\/www.agrotecrally.cz\/#website\"},\"datePublished\":\"2025-06-16T12:33:06+00:00\",\"dateModified\":\"2025-06-16T12:33:06+00:00\",\"description\":\"Pod\u00edvejte se na mapy jednotliv\u00fdch rychlostn\u00edch zkou\u0161ek i celkov\u00e9 mapy etap v\u010detn\u011b \u010dasov\u00e9ho harmonogramu AGROTEC Petronas rally 2021.\",\"breadcrumb\":{\"@id\":\"https:\/\/www.agrotecrally.cz\/mapy-a-casovy-harmonogram\/boleradice-nemcicky-vpavlovice\/#breadcrumb\"},\"inLanguage\":\"en-GB\",\"potentialAction\":[{\"@type\":\"ReadAction\",\"target\":[\"https:\/\/www.agrotecrally.cz\/mapy-a-casovy-harmonogram\/boleradice-nemcicky-vpavlovice\/\"]}]},{\"@type\":\"BreadcrumbList\",\"@id\":\"https:\/\/www.agrotecrally.cz\/mapy-a-casovy-harmonogram\/boleradice-nemcicky-vpavlovice\/#breadcrumb\",\"itemListElement\":[{\"@type\":\"ListItem\",\"position\":1,\"name\":\"Dom\u016f\",\"item\":\"https:\/\/www.agrotecrally.cz\/\"},{\"@type\":\"ListItem\",\"position\":2,\"name\":\"Mapy a \u010dasov\u00fd harmonogram\",\"item\":\"https:\/\/www.agrotecrally.cz\/mapy-a-casovy-harmonogram\/\"},{\"@type\":\"ListItem\",\"position\":3,\"name\":\"RZ 3, 6 \/ Boleradice \u2013 N\u011bm\u010di\u010dky \u2013 V. Pavlovice\"}]},{\"@type\":\"WebSite\",\"@id\":\"https:\/\/www.agrotecrally.cz\/#website\",\"url\":\"https:\/\/www.agrotecrally.cz\/\",\"name\":\"AGROTEC Petronas rally\",\"description\":\"Rally mezi vinicemi\",\"publisher\":{\"@id\":\"https:\/\/www.agrotecrally.cz\/#organization\"},\"potentialAction\":[{\"@type\":\"SearchAction\",\"target\":{\"@type\":\"EntryPoint\",\"urlTemplate\":\"https:\/\/www.agrotecrally.cz\/?s={search_term_string}\"},\"query-input\":\"required name=search_term_string\"}],\"inLanguage\":\"en-GB\"},{\"@type\":\"Organization\",\"@id\":\"https:\/\/www.agrotecrally.cz\/#organization\",\"name\":\"AGROTEC Petronas rally\",\"url\":\"https:\/\/www.agrotecrally.cz\/\",\"logo\":{\"@type\":\"ImageObject\",\"inLanguage\":\"en-GB\",\"@id\":\"https:\/\/www.agrotecrally.cz\/#\/schema\/logo\/image\/\",\"url\":\"https:\/\/www.agrotecrally.cz\/wp-content\/uploads\/2021\/05\/AGROTEC-RALLY_16-01-web-2.png\",\"contentUrl\":\"https:\/\/www.agrotecrally.cz\/wp-content\/uploads\/2021\/05\/AGROTEC-RALLY_16-01-web-2.png\",\"width\":459,\"height\":222,\"caption\":\"AGROTEC Petronas rally\"},\"image\":{\"@id\":\"https:\/\/www.agrotecrally.cz\/#\/schema\/logo\/image\/\"},\"sameAs\":[\"https:\/\/www.facebook.com\/agrotecrally\"]}]}<\/script>\n<!-- \/ Yoast SEO plugin. -->","yoast_head_json":{"title":"RZ 3, 6 \/ Boleradice \u2013 N\u011bm\u010di\u010dky \u2013 V. Pavlovice | AGROTEC Petronas Rally","description":"Pod\u00edvejte se na mapy jednotliv\u00fdch rychlostn\u00edch zkou\u0161ek i celkov\u00e9 mapy etap v\u010detn\u011b \u010dasov\u00e9ho harmonogramu AGROTEC Petronas rally 2021.","robots":{"index":"index","follow":"follow","max-snippet":"max-snippet:-1","max-image-preview":"max-image-preview:large","max-video-preview":"max-video-preview:-1"},"canonical":"https:\/\/www.agrotecrally.cz\/en\/mapy-a-casovy-harmonogram\/boleradice-nemcicky-vpavlovice\/","og_locale":"en_GB","og_type":"article","og_title":"RZ 3, 6 \/ Boleradice \u2013 N\u011bm\u010di\u010dky \u2013 V. Pavlovice | AGROTEC Petronas Rally","og_description":"Pod\u00edvejte se na mapy jednotliv\u00fdch rychlostn\u00edch zkou\u0161ek i celkov\u00e9 mapy etap v\u010detn\u011b \u010dasov\u00e9ho harmonogramu AGROTEC Petronas rally 2021.","og_url":"https:\/\/www.agrotecrally.cz\/en\/mapy-a-casovy-harmonogram\/boleradice-nemcicky-vpavlovice\/","og_site_name":"AGROTEC Petronas Rally","article_publisher":"https:\/\/www.facebook.com\/agrotecrally","og_image":[{"width":2011,"height":1342,"url":"https:\/\/www.agrotecrally.cz\/wp-content\/uploads\/2021\/06\/IMGP4058-Edit.jpg","type":"image\/jpeg"}],"twitter_card":"summary_large_image","twitter_misc":{"Estimated reading time":"5 minutes"},"schema":{"@context":"https:\/\/schema.org","@graph":[{"@type":"WebPage","@id":"https:\/\/www.agrotecrally.cz\/mapy-a-casovy-harmonogram\/boleradice-nemcicky-vpavlovice\/","url":"https:\/\/www.agrotecrally.cz\/mapy-a-casovy-harmonogram\/boleradice-nemcicky-vpavlovice\/","name":"RZ 3, 6 \/ Boleradice \u2013 N\u011bm\u010di\u010dky \u2013 V. Pavlovice | AGROTEC Petronas Rally","isPartOf":{"@id":"https:\/\/www.agrotecrally.cz\/#website"},"datePublished":"2025-06-16T12:33:06+00:00","dateModified":"2025-06-16T12:33:06+00:00","description":"Pod\u00edvejte se na mapy jednotliv\u00fdch rychlostn\u00edch zkou\u0161ek i celkov\u00e9 mapy etap v\u010detn\u011b \u010dasov\u00e9ho harmonogramu AGROTEC Petronas rally 2021.","breadcrumb":{"@id":"https:\/\/www.agrotecrally.cz\/mapy-a-casovy-harmonogram\/boleradice-nemcicky-vpavlovice\/#breadcrumb"},"inLanguage":"en-GB","potentialAction":[{"@type":"ReadAction","target":["https:\/\/www.agrotecrally.cz\/mapy-a-casovy-harmonogram\/boleradice-nemcicky-vpavlovice\/"]}]},{"@type":"BreadcrumbList","@id":"https:\/\/www.agrotecrally.cz\/mapy-a-casovy-harmonogram\/boleradice-nemcicky-vpavlovice\/#breadcrumb","itemListElement":[{"@type":"ListItem","position":1,"name":"Dom\u016f","item":"https:\/\/www.agrotecrally.cz\/"},{"@type":"ListItem","position":2,"name":"Mapy a \u010dasov\u00fd harmonogram","item":"https:\/\/www.agrotecrally.cz\/mapy-a-casovy-harmonogram\/"},{"@type":"ListItem","position":3,"name":"RZ 3, 6 \/ Boleradice \u2013 N\u011bm\u010di\u010dky \u2013 V. Pavlovice"}]},{"@type":"WebSite","@id":"https:\/\/www.agrotecrally.cz\/#website","url":"https:\/\/www.agrotecrally.cz\/","name":"AGROTEC Petronas rally","description":"Rally mezi vinicemi","publisher":{"@id":"https:\/\/www.agrotecrally.cz\/#organization"},"potentialAction":[{"@type":"SearchAction","target":{"@type":"EntryPoint","urlTemplate":"https:\/\/www.agrotecrally.cz\/?s={search_term_string}"},"query-input":"required name=search_term_string"}],"inLanguage":"en-GB"},{"@type":"Organization","@id":"https:\/\/www.agrotecrally.cz\/#organization","name":"AGROTEC Petronas rally","url":"https:\/\/www.agrotecrally.cz\/","logo":{"@type":"ImageObject","inLanguage":"en-GB","@id":"https:\/\/www.agrotecrally.cz\/#\/schema\/logo\/image\/","url":"https:\/\/www.agrotecrally.cz\/wp-content\/uploads\/2021\/05\/AGROTEC-RALLY_16-01-web-2.png","contentUrl":"https:\/\/www.agrotecrally.cz\/wp-content\/uploads\/2021\/05\/AGROTEC-RALLY_16-01-web-2.png","width":459,"height":222,"caption":"AGROTEC Petronas rally"},"image":{"@id":"https:\/\/www.agrotecrally.cz\/#\/schema\/logo\/image\/"},"sameAs":["https:\/\/www.facebook.com\/agrotecrally"]}]}},"_links":{"self":[{"href":"https:\/\/www.agrotecrally.cz\/en\/wp-json\/wp\/v2\/pages\/3017"}],"collection":[{"href":"https:\/\/www.agrotecrally.cz\/en\/wp-json\/wp\/v2\/pages"}],"about":[{"href":"https:\/\/www.agrotecrally.cz\/en\/wp-json\/wp\/v2\/types\/page"}],"author":[{"embeddable":true,"href":"https:\/\/www.agrotecrally.cz\/en\/wp-json\/wp\/v2\/users\/5"}],"replies":[{"embeddable":true,"href":"https:\/\/www.agrotecrally.cz\/en\/wp-json\/wp\/v2\/comments?post=3017"}],"version-history":[{"count":19,"href":"https:\/\/www.agrotecrally.cz\/en\/wp-json\/wp\/v2\/pages\/3017\/revisions"}],"predecessor-version":[{"id":4092,"href":"https:\/\/www.agrotecrally.cz\/en\/wp-json\/wp\/v2\/pages\/3017\/revisions\/4092"}],"up":[{"embeddable":true,"href":"https:\/\/www.agrotecrally.cz\/en\/wp-json\/wp\/v2\/pages\/1152"}],"wp:featuredmedia":[{"embeddable":true,"href":"https:\/\/www.agrotecrally.cz\/en\/wp-json\/wp\/v2\/media\/1001"}],"wp:attachment":[{"href":"https:\/\/www.agrotecrally.cz\/en\/wp-json\/wp\/v2\/media?parent=3017"}],"curies":[{"name":"wp","href":"https:\/\/api.w.org\/{rel}","templated":true}]}}