{"id":757,"date":"2021-05-19T10:10:57","date_gmt":"2021-05-19T09:10:57","guid":{"rendered":"https:\/\/www.agrotecrally.cz\/?page_id=757"},"modified":"2025-02-27T09:22:54","modified_gmt":"2025-02-27T08:22:54","slug":"vysledky-predchozich-rocniku-a-galerie-vitezu","status":"publish","type":"page","link":"https:\/\/www.agrotecrally.cz\/en\/vysledky-predchozich-rocniku-a-galerie-vitezu\/","title":{"rendered":"V\u00fdsledky p\u0159edchoz\u00edch ro\u010dn\u00edk\u016f a galerie v\u00edt\u011bz\u016f"},"content":{"rendered":"<p>[et_pb_section fb_built=&#8220;1&#8243; next_background_color=&#8220;#ffffff&#8220; admin_label=&#8220;Hero&#8220; _builder_version=&#8220;4.16&#8243; background_color=&#8220;#008A78&#8243; background_image=&#8220;http:\/\/agrotecrally.marekmusil.cz\/wp-content\/uploads\/2021\/01\/circle-background-pattern.png&#8220; custom_padding=&#8220;67px|0px|67.1875px|0px|false|false&#8220; bottom_divider_style=&#8220;ramp2&#8243; bottom_divider_height=&#8220;125px&#8220; bottom_divider_flip=&#8220;horizontal&#8220; global_colors_info=&#8220;{}&#8220;][et_pb_row _builder_version=&#8220;4.16&#8243; custom_padding=&#8220;|||&#8220; animation_style=&#8220;slide&#8220; animation_direction=&#8220;top&#8220; animation_intensity_slide=&#8220;3%&#8220; global_colors_info=&#8220;{}&#8220;][et_pb_column type=&#8220;4_4&#8243; _builder_version=&#8220;4.16&#8243; custom_padding=&#8220;|||&#8220; global_colors_info=&#8220;{}&#8220; custom_padding__hover=&#8220;|||&#8220;][et_pb_text _builder_version=&#8220;4.16&#8243; text_font=&#8220;Montserrat|500||on|||||&#8220; text_text_color=&#8220;#353740&#8243; text_font_size=&#8220;16px&#8220; text_letter_spacing=&#8220;3px&#8220; custom_margin=&#8220;||29px|||&#8220; animation_style=&#8220;slide&#8220; animation_direction=&#8220;bottom&#8220; locked=&#8220;off&#8220; global_colors_info=&#8220;{}&#8220;]<\/p>\n<p>Historick\u00e9 v\u00fdsledky hustope\u010dsk\u00e9 rally<\/p>\n<p>[\/et_pb_text][et_pb_text _builder_version=&#8220;4.16&#8243; text_font=&#8220;||||||||&#8220; header_font=&#8220;|700||on|||||&#8220; header_text_color=&#8220;#f7f7f7&#8243; header_font_size=&#8220;54px&#8220; header_line_height=&#8220;1.3em&#8220; custom_margin=&#8220;|||&#8220; animation_style=&#8220;fade&#8220; header_font_size_last_edited=&#8220;off|desktop&#8220; locked=&#8220;off&#8220; global_colors_info=&#8220;{}&#8220;]<\/p>\n<h1>V\u00fdsledky p\u0159edchoz\u00edch ro\u010dn\u00edk\u016f<br \/><span style=\"color: #353740;\">galerie v\u00edt\u011bz\u016f<\/span><\/h1>\n<p>[\/et_pb_text][\/et_pb_column][\/et_pb_row][\/et_pb_section][et_pb_section fb_built=&#8220;1&#8243; _builder_version=&#8220;4.16&#8243; _module_preset=&#8220;default&#8220; custom_padding=&#8220;21px||23px|||&#8220; global_colors_info=&#8220;{}&#8220;][et_pb_row _builder_version=&#8220;4.16&#8243; _module_preset=&#8220;default&#8220; custom_margin=&#8220;|auto|-23px|auto||&#8220; global_colors_info=&#8220;{}&#8220;][et_pb_column type=&#8220;4_4&#8243; _builder_version=&#8220;4.16&#8243; _module_preset=&#8220;default&#8220; global_colors_info=&#8220;{}&#8220;][et_pb_text _builder_version=&#8220;4.16&#8243; text_font=&#8220;||||||||&#8220; header_font=&#8220;|700||on|||||&#8220; header_text_align=&#8220;center&#8220; header_text_color=&#8220;#f7f7f7&#8243; header_font_size=&#8220;48px&#8220; header_line_height=&#8220;1.3em&#8220; header_2_font=&#8220;|700||on|||||&#8220; header_2_text_align=&#8220;center&#8220; header_2_text_color=&#8220;#333333&#8243; header_2_font_size=&#8220;33px&#8220; header_6_font=&#8220;|||on|||||&#8220; header_6_text_align=&#8220;center&#8220; header_6_font_size=&#8220;17px&#8220; header_6_line_height=&#8220;1.6em&#8220; custom_margin=&#8220;|||&#8220; custom_padding=&#8220;7px|||||&#8220; animation_style=&#8220;fade&#8220; header_font_size_last_edited=&#8220;off|desktop&#8220; locked=&#8220;off&#8220; global_colors_info=&#8220;{}&#8220;]<\/p>\n<h2 style=\"text-align: center;\">V\u00fdsledky, v\u00edt\u011bzov\u00e9 a jejich vozy<\/h2>\n<p>[\/et_pb_text][et_pb_text _builder_version=&#8220;4.16&#8243; text_font=&#8220;||||||||&#8220; text_font_size=&#8220;16px&#8220; header_font=&#8220;|700||on|||||&#8220; header_text_align=&#8220;center&#8220; header_text_color=&#8220;#f7f7f7&#8243; header_font_size=&#8220;48px&#8220; header_line_height=&#8220;1.3em&#8220; header_2_font=&#8220;|700||on|||||&#8220; header_2_text_align=&#8220;center&#8220; header_2_text_color=&#8220;#333333&#8243; header_2_font_size=&#8220;33px&#8220; header_6_font=&#8220;|||on|||||&#8220; header_6_text_align=&#8220;center&#8220; header_6_font_size=&#8220;17px&#8220; header_6_line_height=&#8220;1.6em&#8220; custom_margin=&#8220;-4px|||||&#8220; custom_padding=&#8220;7px|||||&#8220; animation_style=&#8220;fade&#8220; header_font_size_last_edited=&#8220;off|desktop&#8220; locked=&#8220;off&#8220; global_colors_info=&#8220;{}&#8220;]<\/p>\n<p style=\"text-align: center;\">1. AGROTEC RALLY HUSTOPE\u010cE 2005 \u2013 voln\u00fd z\u00e1vod (<a href=\"http:\/\/www.ewrc-results.com\/final.php?e=615&amp;t=Agrotec-Rally-Hustopece-2005\" target=\"_blank\" rel=\"noopener\">celkov\u00e9 v\u00fdsledky<\/a>)<\/p>\n<p style=\"text-align: center;\"><strong><a href=\"http:\/\/www.ewrc-results.com\/profile.php?p=3598&amp;t=Roman-Odlozilik\" target=\"_blank\" rel=\"noopener\">Roman Odlo\u017eil\u00edk<\/a> \u2013 <a href=\"http:\/\/www.ewrc-results.com\/coprofile.php?p=264&amp;t=Miroslav-Fanta\" target=\"_blank\" rel=\"noopener\">Miroslav Fanta<\/a> (Renault Clio S1600)<\/strong><strong><\/strong><\/p>\n<p>[\/et_pb_text][et_pb_divider color=&#8220;#008A78&#8243; _builder_version=&#8220;4.16&#8243; _module_preset=&#8220;default&#8220; width=&#8220;60%&#8220; module_alignment=&#8220;center&#8220; custom_margin=&#8220;||18px|||&#8220; global_colors_info=&#8220;{}&#8220;][\/et_pb_divider][et_pb_text _builder_version=&#8220;4.16&#8243; text_font=&#8220;||||||||&#8220; text_font_size=&#8220;16px&#8220; header_font=&#8220;|700||on|||||&#8220; header_text_align=&#8220;center&#8220; header_text_color=&#8220;#f7f7f7&#8243; header_font_size=&#8220;48px&#8220; header_line_height=&#8220;1.3em&#8220; header_2_font=&#8220;|700||on|||||&#8220; header_2_text_align=&#8220;center&#8220; header_2_text_color=&#8220;#333333&#8243; header_2_font_size=&#8220;33px&#8220; header_6_font=&#8220;|||on|||||&#8220; header_6_text_align=&#8220;center&#8220; header_6_font_size=&#8220;17px&#8220; header_6_line_height=&#8220;1.6em&#8220; custom_margin=&#8220;-4px|||||&#8220; custom_padding=&#8220;7px|||||&#8220; animation_style=&#8220;fade&#8220; header_font_size_last_edited=&#8220;off|desktop&#8220; locked=&#8220;off&#8220; global_colors_info=&#8220;{}&#8220;]<\/p>\n<p style=\"text-align: center;\">2. AGROTEC W\u00dcRTH RALLY HUSTOPE\u010cE 2006 \u2013 M\u010cR SPRINTRALLY (<a href=\"http:\/\/www.ewrc-results.com\/final.php?e=213&amp;t=Agrotec-Wurth-Rally-Hustopece-2006\" target=\"_blank\" rel=\"noopener\">celkov\u00e9 v\u00fdsledky<\/a>)<\/p>\n<p style=\"text-align: center;\"><strong><a href=\"http:\/\/www.ewrc-results.com\/profile.php?p=855&amp;t=Josef-Semerad\" target=\"_blank\" rel=\"noopener\">Josef Semer\u00e1d<\/a> \u2013 <a href=\"http:\/\/www.ewrc-results.com\/coprofile.php?p=882&amp;t=Bohuslav-Ceplecha\" target=\"_blank\" rel=\"noopener\">Bohuslav Ceplecha<\/a> (Mitsubishi Lancer EVO IX)<\/strong><strong><\/strong><\/p>\n<p>[\/et_pb_text][et_pb_divider color=&#8220;#008A78&#8243; _builder_version=&#8220;4.16&#8243; _module_preset=&#8220;default&#8220; width=&#8220;60%&#8220; module_alignment=&#8220;center&#8220; custom_margin=&#8220;||18px|||&#8220; global_colors_info=&#8220;{}&#8220;][\/et_pb_divider][et_pb_text _builder_version=&#8220;4.16&#8243; text_font=&#8220;||||||||&#8220; text_font_size=&#8220;16px&#8220; header_font=&#8220;|700||on|||||&#8220; header_text_align=&#8220;center&#8220; header_text_color=&#8220;#f7f7f7&#8243; header_font_size=&#8220;48px&#8220; header_line_height=&#8220;1.3em&#8220; header_2_font=&#8220;|700||on|||||&#8220; header_2_text_align=&#8220;center&#8220; header_2_text_color=&#8220;#333333&#8243; header_2_font_size=&#8220;33px&#8220; header_6_font=&#8220;|||on|||||&#8220; header_6_text_align=&#8220;center&#8220; header_6_font_size=&#8220;17px&#8220; header_6_line_height=&#8220;1.6em&#8220; custom_margin=&#8220;-4px|||||&#8220; custom_padding=&#8220;7px|||||&#8220; animation_style=&#8220;fade&#8220; header_font_size_last_edited=&#8220;off|desktop&#8220; locked=&#8220;off&#8220; global_colors_info=&#8220;{}&#8220;]<\/p>\n<p style=\"text-align: center;\">3. AGROTEC IVECO RALLY 2007 (<a href=\"http:\/\/www.ewrc-results.com\/final.php?e=233&amp;s=0&amp;sct=8&amp;t=Agrotec-Iveco-Rally-Hustopece-2007\" target=\"_blank\" rel=\"noopener\">celkov\u00e9 v\u00fdsledky, M\u010cRHA<\/a>)<\/p>\n<p style=\"text-align: center;\"><strong><a href=\"http:\/\/www.ewrc-results.com\/profile.php?p=3735&amp;t=Leos-Flidr\" target=\"_blank\" rel=\"noopener\">Leo\u0161 Fl\u00eddr<\/a>\u00a0\u2013 <a href=\"http:\/\/www.ewrc-results.com\/coprofile.php?p=5310&amp;t=Bohumil-Ehl\" target=\"_blank\" rel=\"noopener\">Bohumil Ehl<\/a>\u00a0(\u0160koda Octavia WRC)<\/strong><strong><\/strong><\/p>\n<p>[\/et_pb_text][et_pb_divider color=&#8220;#008A78&#8243; _builder_version=&#8220;4.16&#8243; _module_preset=&#8220;default&#8220; width=&#8220;60%&#8220; module_alignment=&#8220;center&#8220; custom_margin=&#8220;||18px|||&#8220; global_colors_info=&#8220;{}&#8220;][\/et_pb_divider][et_pb_text _builder_version=&#8220;4.16&#8243; text_font=&#8220;||||||||&#8220; text_font_size=&#8220;16px&#8220; header_font=&#8220;|700||on|||||&#8220; header_text_align=&#8220;center&#8220; header_text_color=&#8220;#f7f7f7&#8243; header_font_size=&#8220;48px&#8220; header_line_height=&#8220;1.3em&#8220; header_2_font=&#8220;|700||on|||||&#8220; header_2_text_align=&#8220;center&#8220; header_2_text_color=&#8220;#333333&#8243; header_2_font_size=&#8220;33px&#8220; header_6_font=&#8220;|||on|||||&#8220; header_6_text_align=&#8220;center&#8220; header_6_font_size=&#8220;17px&#8220; header_6_line_height=&#8220;1.6em&#8220; custom_margin=&#8220;-4px|||||&#8220; custom_padding=&#8220;7px|||||&#8220; animation_style=&#8220;fade&#8220; header_font_size_last_edited=&#8220;off|desktop&#8220; locked=&#8220;off&#8220; global_colors_info=&#8220;{}&#8220;]<\/p>\n<p style=\"text-align: center;\">4. AGROTEC NEW HOLLAND RALLY HUSTOPE\u010cE 2008 <span>\u2013 MM\u010cR, EP (koef 10)<\/span>\u00a0(<a href=\"http:\/\/www.ewrc-results.com\/final.php?e=403&amp;t=Agrotec-Mogul-Rally-Brno-Hustopece-2009\" target=\"_blank\" rel=\"noopener\">celkov\u00e9 v\u00fdsledky<\/a>)<\/p>\n<p style=\"text-align: center;\"><strong><a href=\"http:\/\/www.ewrc-results.com\/profile.php?p=3534&amp;t=Vaclav-Pech-jun\" target=\"_blank\" rel=\"noopener\">V\u00e1clav Pech jun.<\/a>\u00a0\u2013 <a href=\"http:\/\/www.ewrc-results.com\/coprofile.php?p=3967&amp;t=Petr-Uhel\" target=\"_blank\" rel=\"noopener\">Petr Uhel<\/a> (Mitsubishi Lancer EVO IX)<\/strong><strong><\/strong><\/p>\n<p>[\/et_pb_text][et_pb_divider color=&#8220;#008A78&#8243; _builder_version=&#8220;4.16&#8243; _module_preset=&#8220;default&#8220; width=&#8220;60%&#8220; module_alignment=&#8220;center&#8220; custom_margin=&#8220;||18px|||&#8220; global_colors_info=&#8220;{}&#8220;][\/et_pb_divider][et_pb_text _builder_version=&#8220;4.16&#8243; text_font=&#8220;||||||||&#8220; text_font_size=&#8220;16px&#8220; header_font=&#8220;|700||on|||||&#8220; header_text_align=&#8220;center&#8220; header_text_color=&#8220;#f7f7f7&#8243; header_font_size=&#8220;48px&#8220; header_line_height=&#8220;1.3em&#8220; header_2_font=&#8220;|700||on|||||&#8220; header_2_text_align=&#8220;center&#8220; header_2_text_color=&#8220;#333333&#8243; header_2_font_size=&#8220;33px&#8220; header_6_font=&#8220;|||on|||||&#8220; header_6_text_align=&#8220;center&#8220; header_6_font_size=&#8220;17px&#8220; header_6_line_height=&#8220;1.6em&#8220; custom_margin=&#8220;-4px|||||&#8220; custom_padding=&#8220;7px|||||&#8220; animation_style=&#8220;fade&#8220; header_font_size_last_edited=&#8220;off|desktop&#8220; locked=&#8220;off&#8220; global_colors_info=&#8220;{}&#8220;]<\/p>\n<p style=\"text-align: center;\"><span>5. AGROTEC MOGUL RALLY HUSTOPE\u010cE 2009 \u2013 MM\u010cR<\/span>\u00a0(<a href=\"http:\/\/www.ewrc-results.com\/final.php?e=403&amp;s=0&amp;sct=2&amp;t=Agrotec-Mogul-Rally-Brno-Hustopece-2009\" target=\"_blank\" rel=\"noopener\">celkov\u00e9 v\u00fdsledky<\/a>, <a href=\"http:\/\/www.ewrc-results.com\/final.php?e=403&amp;s=0&amp;sct=8&amp;t=Agrotec-Mogul-Rally-Brno-Hustopece-2009\" target=\"_blank\" rel=\"noopener\">M\u010cRHA<\/a>)<\/p>\n<p style=\"text-align: center;\"><strong><a href=\"http:\/\/www.ewrc-results.com\/profile.php?p=639&amp;t=Roman-Kresta\" target=\"_blank\" rel=\"noopener\">Roman Kresta<\/a>\u00a0\u2013 <a href=\"http:\/\/www.ewrc-results.com\/coprofile.php?p=669&amp;t=Petr-Gross\" target=\"_blank\" rel=\"noopener\">Petr Gross<\/a> (Peugeot 207 S2000)<\/strong><strong><\/strong><\/p>\n<p>[\/et_pb_text][et_pb_divider color=&#8220;#008A78&#8243; _builder_version=&#8220;4.16&#8243; _module_preset=&#8220;default&#8220; width=&#8220;60%&#8220; module_alignment=&#8220;center&#8220; custom_margin=&#8220;||18px|||&#8220; global_colors_info=&#8220;{}&#8220;][\/et_pb_divider][et_pb_text _builder_version=&#8220;4.16&#8243; text_font=&#8220;||||||||&#8220; text_font_size=&#8220;16px&#8220; header_font=&#8220;|700||on|||||&#8220; header_text_align=&#8220;center&#8220; header_text_color=&#8220;#f7f7f7&#8243; header_font_size=&#8220;48px&#8220; header_line_height=&#8220;1.3em&#8220; header_2_font=&#8220;|700||on|||||&#8220; header_2_text_align=&#8220;center&#8220; header_2_text_color=&#8220;#333333&#8243; header_2_font_size=&#8220;33px&#8220; header_6_font=&#8220;|||on|||||&#8220; header_6_text_align=&#8220;center&#8220; header_6_font_size=&#8220;17px&#8220; header_6_line_height=&#8220;1.6em&#8220; custom_margin=&#8220;-4px|||||&#8220; custom_padding=&#8220;7px|||||&#8220; animation_style=&#8220;fade&#8220; header_font_size_last_edited=&#8220;off|desktop&#8220; locked=&#8220;off&#8220; global_colors_info=&#8220;{}&#8220;]<\/p>\n<p style=\"text-align: center;\"><span>6. AGROTEC MOGUL RALLY HUSTOPE\u010cE 2010 \u2013 MM\u010cR,EP(koef.5),ZSE <\/span>(<a href=\"http:\/\/www.ewrc-results.com\/final.php?e=589&amp;t=Agrotec-Mogul-Rally-Hustopece-2010\" target=\"_blank\" rel=\"noopener\">celkov\u00e9 v\u00fdsledky<\/a>)<\/p>\n<p style=\"text-align: center;\"><strong><a href=\"http:\/\/www.ewrc-results.com\/profile.php?p=3534&amp;t=Vaclav-Pech-jun\" target=\"_blank\" rel=\"noopener\">V\u00e1clav Pech jun.<\/a>\u00a0\u2013 <a href=\"http:\/\/www.ewrc-results.com\/coprofile.php?p=3967&amp;t=Petr-Uhel\" target=\"_blank\" rel=\"noopener\">Petr Uhel<\/a> (Mitsubishi Lancer EVO IX)<\/strong><strong><\/strong><\/p>\n<p>[\/et_pb_text][et_pb_divider color=&#8220;#008A78&#8243; _builder_version=&#8220;4.16&#8243; _module_preset=&#8220;default&#8220; width=&#8220;60%&#8220; module_alignment=&#8220;center&#8220; custom_margin=&#8220;||18px|||&#8220; global_colors_info=&#8220;{}&#8220;][\/et_pb_divider][et_pb_text _builder_version=&#8220;4.16&#8243; text_font=&#8220;||||||||&#8220; text_font_size=&#8220;16px&#8220; header_font=&#8220;|700||on|||||&#8220; header_text_align=&#8220;center&#8220; header_text_color=&#8220;#f7f7f7&#8243; header_font_size=&#8220;48px&#8220; header_line_height=&#8220;1.3em&#8220; header_2_font=&#8220;|700||on|||||&#8220; header_2_text_align=&#8220;center&#8220; header_2_text_color=&#8220;#333333&#8243; header_2_font_size=&#8220;33px&#8220; header_6_font=&#8220;|||on|||||&#8220; header_6_text_align=&#8220;center&#8220; header_6_font_size=&#8220;17px&#8220; header_6_line_height=&#8220;1.6em&#8220; custom_margin=&#8220;-4px|||||&#8220; custom_padding=&#8220;7px|||||&#8220; animation_style=&#8220;fade&#8220; header_font_size_last_edited=&#8220;off|desktop&#8220; locked=&#8220;off&#8220; global_colors_info=&#8220;{}&#8220;]<\/p>\n<p style=\"text-align: center;\"><span>7. AGROTEC MOGUL RALLY HUSTOPE\u010cE 2011 \u2013 MM\u010cR,EP(koef.5),ZSE\u00a0<\/span>(<a href=\"http:\/\/www.ewrc-results.com\/final.php?e=2484&amp;t=Agrotec-Mogul-Rally-Hustopece-2011\" target=\"_blank\" rel=\"noopener\">celkov\u00e9 v\u00fdsledky<\/a>)<\/p>\n<p style=\"text-align: center;\"><strong><a href=\"http:\/\/www.ewrc-results.com\/profile.php?p=67&amp;t=Jan-Kopecky\" target=\"_blank\" rel=\"noopener\">Jan Kopeck\u00fd<\/a>\u00a0\u2013 <a href=\"http:\/\/www.ewrc-results.com\/coprofile.php?p=70&amp;t=Petr-Stary\" target=\"_blank\" rel=\"noopener\">Petr Star\u00fd<\/a> (\u0160koda Fabia S2000)<\/strong><strong><\/strong><\/p>\n<p>[\/et_pb_text][et_pb_divider color=&#8220;#008A78&#8243; _builder_version=&#8220;4.16&#8243; _module_preset=&#8220;default&#8220; width=&#8220;60%&#8220; module_alignment=&#8220;center&#8220; custom_margin=&#8220;||18px|||&#8220; global_colors_info=&#8220;{}&#8220;][\/et_pb_divider][et_pb_text _builder_version=&#8220;4.16&#8243; text_font=&#8220;||||||||&#8220; text_font_size=&#8220;16px&#8220; header_font=&#8220;|700||on|||||&#8220; header_text_align=&#8220;center&#8220; header_text_color=&#8220;#f7f7f7&#8243; header_font_size=&#8220;48px&#8220; header_line_height=&#8220;1.3em&#8220; header_2_font=&#8220;|700||on|||||&#8220; header_2_text_align=&#8220;center&#8220; header_2_text_color=&#8220;#333333&#8243; header_2_font_size=&#8220;33px&#8220; header_6_font=&#8220;|||on|||||&#8220; header_6_text_align=&#8220;center&#8220; header_6_font_size=&#8220;17px&#8220; header_6_line_height=&#8220;1.6em&#8220; custom_margin=&#8220;-4px|||||&#8220; custom_padding=&#8220;7px|||||&#8220; animation_style=&#8220;fade&#8220; header_font_size_last_edited=&#8220;off|desktop&#8220; locked=&#8220;off&#8220; global_colors_info=&#8220;{}&#8220;]<\/p>\n<p style=\"text-align: center;\"><span>8. AGROTEC PETRONAS SYNTIUM RALLY HUSTOPE\u010cE 2012 \u2013 MM\u010cR,EP(koef.5),ZSE <\/span>(<a href=\"http:\/\/www.ewrc-results.com\/final.php?e=3961&amp;s=0&amp;sct=2&amp;t=Agrotec-Petronas-Syntium-Rally-Hustopece-2012\" target=\"_blank\" rel=\"noopener\">celkov\u00e9 v\u00fdsledky<\/a>, <a href=\"http:\/\/www.ewrc-results.com\/final.php?e=3961&amp;s=0&amp;sct=7&amp;t=Agrotec-Petronas-Syntium-Rally-Hustopece-2012\" target=\"_blank\" rel=\"noopener\">P\u010cR<\/a>)<\/p>\n<p style=\"text-align: center;\"><strong><a href=\"http:\/\/www.ewrc-results.com\/profile.php?p=67&amp;t=Jan-Kopecky\" target=\"_blank\" rel=\"noopener\">Jan Kopeck\u00fd<\/a>\u00a0\u2013 <a href=\"http:\/\/www.ewrc-results.com\/coprofile.php?p=4174&amp;t=Pavel-Dresler\" target=\"_blank\" rel=\"noopener\">Pavel Dresler<\/a> (\u0160koda Fabia S2000)<\/strong><strong><\/strong><\/p>\n<p>[\/et_pb_text][et_pb_divider color=&#8220;#008A78&#8243; _builder_version=&#8220;4.16&#8243; _module_preset=&#8220;default&#8220; width=&#8220;60%&#8220; module_alignment=&#8220;center&#8220; custom_margin=&#8220;||18px|||&#8220; global_colors_info=&#8220;{}&#8220;][\/et_pb_divider][et_pb_text _builder_version=&#8220;4.16&#8243; text_font=&#8220;||||||||&#8220; text_font_size=&#8220;16px&#8220; header_font=&#8220;|700||on|||||&#8220; header_text_align=&#8220;center&#8220; header_text_color=&#8220;#f7f7f7&#8243; header_font_size=&#8220;48px&#8220; header_line_height=&#8220;1.3em&#8220; header_2_font=&#8220;|700||on|||||&#8220; header_2_text_align=&#8220;center&#8220; header_2_text_color=&#8220;#333333&#8243; header_2_font_size=&#8220;33px&#8220; header_6_font=&#8220;|||on|||||&#8220; header_6_text_align=&#8220;center&#8220; header_6_font_size=&#8220;17px&#8220; header_6_line_height=&#8220;1.6em&#8220; custom_margin=&#8220;-4px|||||&#8220; custom_padding=&#8220;7px|||||&#8220; animation_style=&#8220;fade&#8220; header_font_size_last_edited=&#8220;off|desktop&#8220; locked=&#8220;off&#8220; global_colors_info=&#8220;{}&#8220;]<\/p>\n<p style=\"text-align: center;\"><span>9. AGROTEC PETRONAS SYNTIUM RALLY HUSTOPE\u010cE 2013 \u2013 MM\u010cR,EP(koef.5),ZSE <\/span>(<a href=\"http:\/\/www.ewrc-results.com\/final.php?e=7795&amp;t=Agrotec-Petronas-Syntium-Rally-Hustopece-2013\" target=\"_blank\" rel=\"noopener\">celkov\u00e9 v\u00fdsledky<\/a>, <a href=\"http:\/\/www.ewrc-results.com\/final.php?e=11108&amp;t=Agrotec-Petronas-Syntium-Rally-Hustopece-PCR-2013\" target=\"_blank\" rel=\"noopener\">P\u010cR<\/a>)<\/p>\n<p style=\"text-align: center;\"><strong><a href=\"http:\/\/www.ewrc-results.com\/profile.php?p=67&amp;t=Jan-Kopecky\" target=\"_blank\" rel=\"noopener\">Jan Kopeck\u00fd<\/a>\u00a0\u2013 <a href=\"http:\/\/www.ewrc-results.com\/coprofile.php?p=4174&amp;t=Pavel-Dresler\" target=\"_blank\" rel=\"noopener\">Pavel Dresler<\/a> (\u0160koda Fabia S2000)<\/strong><strong><\/strong><\/p>\n<p>[\/et_pb_text][et_pb_divider color=&#8220;#008A78&#8243; _builder_version=&#8220;4.16&#8243; _module_preset=&#8220;default&#8220; width=&#8220;60%&#8220; module_alignment=&#8220;center&#8220; custom_margin=&#8220;||18px|||&#8220; global_colors_info=&#8220;{}&#8220;][\/et_pb_divider][et_pb_text _builder_version=&#8220;4.16&#8243; text_font=&#8220;||||||||&#8220; text_font_size=&#8220;16px&#8220; header_font=&#8220;|700||on|||||&#8220; header_text_align=&#8220;center&#8220; header_text_color=&#8220;#f7f7f7&#8243; header_font_size=&#8220;48px&#8220; header_line_height=&#8220;1.3em&#8220; header_2_font=&#8220;|700||on|||||&#8220; header_2_text_align=&#8220;center&#8220; header_2_text_color=&#8220;#333333&#8243; header_2_font_size=&#8220;33px&#8220; header_6_font=&#8220;|||on|||||&#8220; header_6_text_align=&#8220;center&#8220; header_6_font_size=&#8220;17px&#8220; header_6_line_height=&#8220;1.6em&#8220; custom_margin=&#8220;-4px|||||&#8220; custom_padding=&#8220;7px|||||&#8220; animation_style=&#8220;fade&#8220; header_font_size_last_edited=&#8220;off|desktop&#8220; locked=&#8220;off&#8220; global_colors_info=&#8220;{}&#8220;]<\/p>\n<p style=\"text-align: center;\"><span>10. AGROTEC PETRONAS SYNTIUM RALLY HUSTOPE\u010cE 2014 \u2013 MM\u010cR,ERT(koef.2),ZSE <\/span>(<a href=\"http:\/\/www.ewrc-results.com\/final.php?e=14441&amp;t=Agrotec-Petronas-Syntium-Rally-Hustopece-2014\" target=\"_blank\" rel=\"noopener\">celkov\u00e9 v\u00fdsledky<\/a>, <a href=\"http:\/\/www.ewrc-results.com\/final.php?e=17893&amp;t=Agrotec-Petronas-Syntium-Rally-Hustopece-PCR-2014\" target=\"_blank\" rel=\"noopener\">P\u010cR<\/a>)<\/p>\n<p style=\"text-align: center;\"><strong><a href=\"http:\/\/www.ewrc-results.com\/profile.php?p=3534&amp;t=Vaclav-Pech-jun\" target=\"_blank\" rel=\"noopener\">V\u00e1clav Pech jun.<\/a>\u00a0\u2013 <a href=\"http:\/\/www.ewrc-results.com\/coprofile.php?p=3967&amp;t=Petr-Uhel\" target=\"_blank\" rel=\"noopener\">Petr Uhel<\/a> (Mini Cooper S2000 1.6T)<\/strong><strong><\/strong><\/p>\n<p>[\/et_pb_text][et_pb_divider color=&#8220;#008A78&#8243; _builder_version=&#8220;4.16&#8243; _module_preset=&#8220;default&#8220; width=&#8220;60%&#8220; module_alignment=&#8220;center&#8220; custom_margin=&#8220;||18px|||&#8220; global_colors_info=&#8220;{}&#8220;][\/et_pb_divider][et_pb_text _builder_version=&#8220;4.16&#8243; text_font=&#8220;||||||||&#8220; text_font_size=&#8220;16px&#8220; header_font=&#8220;|700||on|||||&#8220; header_text_align=&#8220;center&#8220; header_text_color=&#8220;#f7f7f7&#8243; header_font_size=&#8220;48px&#8220; header_line_height=&#8220;1.3em&#8220; header_2_font=&#8220;|700||on|||||&#8220; header_2_text_align=&#8220;center&#8220; header_2_text_color=&#8220;#333333&#8243; header_2_font_size=&#8220;33px&#8220; header_6_font=&#8220;|||on|||||&#8220; header_6_text_align=&#8220;center&#8220; header_6_font_size=&#8220;17px&#8220; header_6_line_height=&#8220;1.6em&#8220; custom_margin=&#8220;-4px|||||&#8220; custom_padding=&#8220;7px|||||&#8220; animation_style=&#8220;fade&#8220; header_font_size_last_edited=&#8220;off|desktop&#8220; locked=&#8220;off&#8220; global_colors_info=&#8220;{}&#8220;]<\/p>\n<p style=\"text-align: center;\"><span>11. AGROTEC PETRONAS SYNTIUM RALLY HUSTOPE\u010cE 2015 \u2013 M\u010cR,ZSE <\/span>(<a href=\"http:\/\/www.ewrc-results.com\/final.php?e=21749\" target=\"_blank\" rel=\"noopener\">celkov\u00e9 v\u00fdsledky<\/a>, <a href=\"http:\/\/www.ewrc-results.com\/final.php?e=21757\" target=\"_blank\" rel=\"noopener\">M\u010cRHA<\/a>)<\/p>\n<p style=\"text-align: center;\"><strong><a href=\"http:\/\/www.ewrc-results.com\/profile.php?p=67&amp;t=Jan-Kopecky\" target=\"_blank\" rel=\"noopener\">Jan Kopeck\u00fd<\/a>\u00a0\u2013 <a href=\"http:\/\/www.ewrc-results.com\/coprofile.php?p=4174&amp;t=Pavel-Dresler\" target=\"_blank\" rel=\"noopener\">Pavel Dresler<\/a> (\u0160koda Fabia R5)<\/strong><strong><\/strong><\/p>\n<p>[\/et_pb_text][et_pb_divider color=&#8220;#008A78&#8243; _builder_version=&#8220;4.16&#8243; _module_preset=&#8220;default&#8220; width=&#8220;60%&#8220; module_alignment=&#8220;center&#8220; custom_margin=&#8220;||18px|||&#8220; global_colors_info=&#8220;{}&#8220;][\/et_pb_divider][et_pb_text _builder_version=&#8220;4.16&#8243; text_font=&#8220;||||||||&#8220; text_font_size=&#8220;16px&#8220; header_font=&#8220;|700||on|||||&#8220; header_text_align=&#8220;center&#8220; header_text_color=&#8220;#f7f7f7&#8243; header_font_size=&#8220;48px&#8220; header_line_height=&#8220;1.3em&#8220; header_2_font=&#8220;|700||on|||||&#8220; header_2_text_align=&#8220;center&#8220; header_2_text_color=&#8220;#333333&#8243; header_2_font_size=&#8220;33px&#8220; header_6_font=&#8220;|||on|||||&#8220; header_6_text_align=&#8220;center&#8220; header_6_font_size=&#8220;17px&#8220; header_6_line_height=&#8220;1.6em&#8220; custom_margin=&#8220;-4px|||||&#8220; custom_padding=&#8220;7px|||||&#8220; animation_style=&#8220;fade&#8220; header_font_size_last_edited=&#8220;off|desktop&#8220; locked=&#8220;off&#8220; global_colors_info=&#8220;{}&#8220;]<\/p>\n<p style=\"text-align: center;\"><span>12. AGROTEC PETRONAS SYNTIUM RALLY HUSTOPE\u010cE 2016 \u2013 ERT(koef.2),ZSE,M\u010cR,MSR,SRP <\/span>(<a href=\"http:\/\/www.ewrc-results.com\/final.php?e=30764&amp;s=&amp;ct=&amp;t=Agrotec-Petronas-Syntium-Rally-Hustopece-2016\" target=\"_blank\" rel=\"noopener\">celkov\u00e9 v\u00fdsledky<\/a>)<\/p>\n<p style=\"text-align: center;\"><strong><a href=\"http:\/\/www.ewrc-results.com\/profile.php?p=67&amp;t=Jan-Kopecky\" target=\"_blank\" rel=\"noopener\">Jan Kopeck\u00fd<\/a>\u00a0\u2013 <a href=\"http:\/\/www.ewrc-results.com\/coprofile.php?p=4174&amp;t=Pavel-Dresler\" target=\"_blank\" rel=\"noopener\">Pavel Dresler<\/a> (\u0160koda Fabia R5)<\/strong><strong><\/strong><\/p>\n<p>[\/et_pb_text][et_pb_divider color=&#8220;#008A78&#8243; _builder_version=&#8220;4.16&#8243; _module_preset=&#8220;default&#8220; width=&#8220;60%&#8220; module_alignment=&#8220;center&#8220; custom_margin=&#8220;||18px|||&#8220; global_colors_info=&#8220;{}&#8220;][\/et_pb_divider][et_pb_text _builder_version=&#8220;4.16&#8243; text_font=&#8220;||||||||&#8220; text_font_size=&#8220;16px&#8220; header_font=&#8220;|700||on|||||&#8220; header_text_align=&#8220;center&#8220; header_text_color=&#8220;#f7f7f7&#8243; header_font_size=&#8220;48px&#8220; header_line_height=&#8220;1.3em&#8220; header_2_font=&#8220;|700||on|||||&#8220; header_2_text_align=&#8220;center&#8220; header_2_text_color=&#8220;#333333&#8243; header_2_font_size=&#8220;33px&#8220; header_6_font=&#8220;|||on|||||&#8220; header_6_text_align=&#8220;center&#8220; header_6_font_size=&#8220;17px&#8220; header_6_line_height=&#8220;1.6em&#8220; custom_margin=&#8220;-4px|||||&#8220; custom_padding=&#8220;7px|||||&#8220; animation_style=&#8220;fade&#8220; header_font_size_last_edited=&#8220;off|desktop&#8220; locked=&#8220;off&#8220; global_colors_info=&#8220;{}&#8220;]<\/p>\n<p style=\"text-align: center;\"><span>13. AGROTEC PETRONAS SYNTIUM RALLY HUSTOPE\u010cE 2017 \u2013 ZSE,M\u010cE,MSR\u00a0<\/span>(<a href=\"https:\/\/www.ewrc-results.com\/final\/38632-agrotec-petronas-syntium-rally-hustopece-2017\/\" target=\"_blank\" rel=\"noopener\">celkov\u00e9 v\u00fdsledky<\/a>)<\/p>\n<p style=\"text-align: center;\"><strong><a href=\"http:\/\/www.ewrc-results.com\/profile.php?p=67&amp;t=Jan-Kopecky\" target=\"_blank\" rel=\"noopener\">Jan Kopeck\u00fd<\/a>\u00a0\u2013 <a href=\"http:\/\/www.ewrc-results.com\/coprofile.php?p=4174&amp;t=Pavel-Dresler\" target=\"_blank\" rel=\"noopener\">Pavel Dresler<\/a> (\u0160koda Fabia R5)<\/strong><strong><\/strong><\/p>\n<p>[\/et_pb_text][et_pb_divider color=&#8220;#008A78&#8243; _builder_version=&#8220;4.16&#8243; _module_preset=&#8220;default&#8220; width=&#8220;60%&#8220; module_alignment=&#8220;center&#8220; custom_margin=&#8220;||18px|||&#8220; global_colors_info=&#8220;{}&#8220;][\/et_pb_divider][et_pb_text _builder_version=&#8220;4.16&#8243; text_font=&#8220;||||||||&#8220; text_font_size=&#8220;16px&#8220; header_font=&#8220;|700||on|||||&#8220; header_text_align=&#8220;center&#8220; header_text_color=&#8220;#f7f7f7&#8243; header_font_size=&#8220;48px&#8220; header_line_height=&#8220;1.3em&#8220; header_2_font=&#8220;|700||on|||||&#8220; header_2_text_align=&#8220;center&#8220; header_2_text_color=&#8220;#333333&#8243; header_2_font_size=&#8220;33px&#8220; header_6_font=&#8220;|||on|||||&#8220; header_6_text_align=&#8220;center&#8220; header_6_font_size=&#8220;17px&#8220; header_6_line_height=&#8220;1.6em&#8220; custom_margin=&#8220;-4px|||||&#8220; custom_padding=&#8220;7px|||||&#8220; animation_style=&#8220;fade&#8220; header_font_size_last_edited=&#8220;off|desktop&#8220; locked=&#8220;off&#8220; global_colors_info=&#8220;{}&#8220;]<\/p>\n<p style=\"text-align: center;\"><span>14. AGROTEC PETRONAS RALLY HUSTOPE\u010cE 2018 \u2013 ZSE,M\u010cR,MSR\u00a0<\/span>(<a href=\"https:\/\/www.ewrc-results.com\/final\/45674-agrotec-petronas-rally-hustopece-2018\/\" target=\"_blank\" rel=\"noopener\">celkov\u00e9 v\u00fdsledky<\/a>)<\/p>\n<p style=\"text-align: center;\"><strong><a href=\"http:\/\/www.ewrc-results.com\/profile.php?p=67&amp;t=Jan-Kopecky\" target=\"_blank\" rel=\"noopener\">Jan Kopeck\u00fd<\/a>\u00a0\u2013 <a href=\"http:\/\/www.ewrc-results.com\/coprofile.php?p=4174&amp;t=Pavel-Dresler\" target=\"_blank\" rel=\"noopener\">Pavel Dresler<\/a> (\u0160koda Fabia R5)<\/strong><strong><\/strong><\/p>\n<p>[\/et_pb_text][et_pb_divider color=&#8220;#008A78&#8243; _builder_version=&#8220;4.16&#8243; _module_preset=&#8220;default&#8220; width=&#8220;60%&#8220; module_alignment=&#8220;center&#8220; custom_margin=&#8220;||18px|||&#8220; global_colors_info=&#8220;{}&#8220;][\/et_pb_divider][et_pb_text _builder_version=&#8220;4.16&#8243; text_font=&#8220;||||||||&#8220; text_font_size=&#8220;16px&#8220; header_font=&#8220;|700||on|||||&#8220; header_text_align=&#8220;center&#8220; header_text_color=&#8220;#f7f7f7&#8243; header_font_size=&#8220;48px&#8220; header_line_height=&#8220;1.3em&#8220; header_2_font=&#8220;|700||on|||||&#8220; header_2_text_align=&#8220;center&#8220; header_2_text_color=&#8220;#333333&#8243; header_2_font_size=&#8220;33px&#8220; header_6_font=&#8220;|||on|||||&#8220; header_6_text_align=&#8220;center&#8220; header_6_font_size=&#8220;17px&#8220; header_6_line_height=&#8220;1.6em&#8220; custom_margin=&#8220;-4px|||||&#8220; custom_padding=&#8220;7px|||||&#8220; animation_style=&#8220;fade&#8220; header_font_size_last_edited=&#8220;off|desktop&#8220; locked=&#8220;off&#8220; global_colors_info=&#8220;{}&#8220;]<\/p>\n<p style=\"text-align: center;\"><span>15. AGROTEC PETRONAS RALLY 2019 \u2013 ZSE,M\u010cR,MSR\u00a0<\/span>(<a href=\"https:\/\/www.ewrc-results.com\/final\/55768-agrotec-petronas-rally-hustopece-2019\/\" target=\"_blank\" rel=\"noopener\">celkov\u00e9 v\u00fdsledky<\/a>)<\/p>\n<p style=\"text-align: center;\"><strong><a href=\"https:\/\/www.ewrc-results.com\/profile\/12179-filip-mares\/\" target=\"_blank\" rel=\"noopener\">Filip Mare\u0161<\/a>\u00a0\u2013 <a href=\"https:\/\/www.ewrc-results.com\/coprofile\/25683-jan-hlousek\/\" target=\"_blank\" rel=\"noopener\">Jan Hlou\u0161ek<\/a> (\u0160koda Fabia R5)<\/strong><strong><\/strong><\/p>\n<p>[\/et_pb_text][et_pb_divider color=&#8220;#008A78&#8243; _builder_version=&#8220;4.16&#8243; _module_preset=&#8220;default&#8220; width=&#8220;60%&#8220; module_alignment=&#8220;center&#8220; custom_margin=&#8220;||18px|||&#8220; global_colors_info=&#8220;{}&#8220;][\/et_pb_divider][et_pb_text _builder_version=&#8220;4.16&#8243; text_font=&#8220;||||||||&#8220; text_font_size=&#8220;16px&#8220; header_font=&#8220;|700||on|||||&#8220; header_text_align=&#8220;center&#8220; header_text_color=&#8220;#f7f7f7&#8243; header_font_size=&#8220;48px&#8220; header_line_height=&#8220;1.3em&#8220; header_2_font=&#8220;|700||on|||||&#8220; header_2_text_align=&#8220;center&#8220; header_2_text_color=&#8220;#333333&#8243; header_2_font_size=&#8220;33px&#8220; header_6_font=&#8220;|||on|||||&#8220; header_6_text_align=&#8220;center&#8220; header_6_font_size=&#8220;17px&#8220; header_6_line_height=&#8220;1.6em&#8220; custom_margin=&#8220;-4px|||||&#8220; custom_padding=&#8220;7px|||||&#8220; animation_style=&#8220;fade&#8220; header_font_size_last_edited=&#8220;off|desktop&#8220; locked=&#8220;off&#8220; global_colors_info=&#8220;{}&#8220;]<\/p>\n<p style=\"text-align: center;\"><span>16. AGROTEC PETRONAS RALLY 2021 \u2013 ZSE,M\u010cR,MSR <\/span>(<a href=\"https:\/\/rally-base.com\/2021\/agrotec-petronas-rally-hustopece-2021\/\" target=\"_blank\" rel=\"noopener\">celkov\u00e9 v\u00fdsledky<\/a>)<\/p>\n<p style=\"text-align: center;\"><strong><a href=\"https:\/\/www.ewrc-results.com\/profile\/3534-vaclav-pech-jun\/\" target=\"_blank\" rel=\"noopener\">\u00a0V\u00e1clav Pech<\/a> \u2013 <a href=\"https:\/\/www.ewrc-results.com\/coprofile\/3967-petr-uhel\/\" target=\"_blank\" rel=\"noopener\">Petr Uhel<\/a> (Ford Focus WRC)<\/strong><strong><\/strong><\/p>\n<p>[\/et_pb_text][et_pb_divider color=&#8220;#008A78&#8243; _builder_version=&#8220;4.16&#8243; _module_preset=&#8220;default&#8220; width=&#8220;60%&#8220; module_alignment=&#8220;center&#8220; custom_margin=&#8220;||18px|||&#8220; global_colors_info=&#8220;{}&#8220;][\/et_pb_divider][et_pb_text _builder_version=&#8220;4.16&#8243; text_font=&#8220;||||||||&#8220; text_font_size=&#8220;16px&#8220; header_font=&#8220;|700||on|||||&#8220; header_text_align=&#8220;center&#8220; header_text_color=&#8220;#f7f7f7&#8243; header_font_size=&#8220;48px&#8220; header_line_height=&#8220;1.3em&#8220; header_2_font=&#8220;|700||on|||||&#8220; header_2_text_align=&#8220;center&#8220; header_2_text_color=&#8220;#333333&#8243; header_2_font_size=&#8220;33px&#8220; header_6_font=&#8220;|||on|||||&#8220; header_6_text_align=&#8220;center&#8220; header_6_font_size=&#8220;17px&#8220; header_6_line_height=&#8220;1.6em&#8220; custom_margin=&#8220;-4px|||||&#8220; custom_padding=&#8220;7px|||||&#8220; animation_style=&#8220;fade&#8220; header_font_size_last_edited=&#8220;off|desktop&#8220; locked=&#8220;off&#8220; global_colors_info=&#8220;{}&#8220;]<\/p>\n<p style=\"text-align: center;\"><span>17. AGROTEC PETRONAS RALLY 2022 \u2013 ZSE,M\u010cR,MSR <\/span>(<a href=\"https:\/\/www.ewrc-results.com\/final\/74951-agrotec-petronas-rally-hustopece-2022\/\" target=\"_blank\" rel=\"noopener\">celkov\u00e9 v\u00fdsledky<\/a>)<\/p>\n<p style=\"text-align: center;\"><strong><a href=\"https:\/\/www.ewrc-results.com\/profile\/67-jan-kopecky\/\" target=\"_blank\" rel=\"noopener\">Jan Kopeck\u00fd<\/a> \u2013 <a href=\"https:\/\/www.ewrc-results.com\/coprofile\/25683-jan-hlousek\/\" target=\"_blank\" rel=\"noopener\">Jan Hlou\u0161ek<\/a> (<span>\u0160koda Fabia Rally2 evo)<\/span><\/strong><strong><\/strong><\/p>\n<p>[\/et_pb_text][et_pb_divider color=&#8220;#008A78&#8243; _builder_version=&#8220;4.16&#8243; _module_preset=&#8220;default&#8220; width=&#8220;60%&#8220; module_alignment=&#8220;center&#8220; custom_margin=&#8220;||18px|||&#8220; global_colors_info=&#8220;{}&#8220;][\/et_pb_divider][et_pb_text _builder_version=&#8220;4.24.0&#8243; text_font=&#8220;||||||||&#8220; text_font_size=&#8220;16px&#8220; header_font=&#8220;|700||on|||||&#8220; header_text_align=&#8220;center&#8220; header_text_color=&#8220;#f7f7f7&#8243; header_font_size=&#8220;48px&#8220; header_line_height=&#8220;1.3em&#8220; header_2_font=&#8220;|700||on|||||&#8220; header_2_text_align=&#8220;center&#8220; header_2_text_color=&#8220;#333333&#8243; header_2_font_size=&#8220;33px&#8220; header_6_font=&#8220;|||on|||||&#8220; header_6_text_align=&#8220;center&#8220; header_6_font_size=&#8220;17px&#8220; header_6_line_height=&#8220;1.6em&#8220; custom_margin=&#8220;-4px|||||&#8220; custom_padding=&#8220;7px||0px|||&#8220; animation_style=&#8220;fade&#8220; hover_enabled=&#8220;0&#8243; header_font_size_last_edited=&#8220;off|desktop&#8220; locked=&#8220;off&#8220; global_colors_info=&#8220;{}&#8220; sticky_enabled=&#8220;0&#8243;]<\/p>\n<p style=\"text-align: center;\"><span>18. AGROTEC PETRONAS RALLY 2023 \u2013 ZSE,M\u010cR <\/span>(<a href=\"https:\/\/www.ewrc-results.com\/final\/81086-agrotec-petronas-rally-hustopece-2023\/\" target=\"_blank\" rel=\"noopener\">celkov\u00e9 v\u00fdsledky<\/a>)<\/p>\n<p style=\"text-align: center;\"><strong><a href=\"https:\/\/www.ewrc-results.com\/profile\/3534-vaclav-pech-jun\/\" target=\"_blank\" rel=\"noopener\">\u00a0V\u00e1clav Pech<\/a> \u2013 <a href=\"https:\/\/www.ewrc-results.com\/coprofile\/3967-petr-uhel\/\" target=\"_blank\" rel=\"noopener\">Petr Uhel<\/a> (Ford Focus WRC)<\/strong><\/p>\n<p>[\/et_pb_text][et_pb_divider color=&#8220;#008A78&#8243; _builder_version=&#8220;4.16&#8243; _module_preset=&#8220;default&#8220; width=&#8220;60%&#8220; module_alignment=&#8220;center&#8220; custom_margin=&#8220;||18px|||&#8220; global_colors_info=&#8220;{}&#8220;][\/et_pb_divider][et_pb_text _builder_version=&#8220;4.24.0&#8243; text_font=&#8220;||||||||&#8220; text_font_size=&#8220;16px&#8220; header_font=&#8220;|700||on|||||&#8220; header_text_align=&#8220;center&#8220; header_text_color=&#8220;#f7f7f7&#8243; header_font_size=&#8220;48px&#8220; header_line_height=&#8220;1.3em&#8220; header_2_font=&#8220;|700||on|||||&#8220; header_2_text_align=&#8220;center&#8220; header_2_text_color=&#8220;#333333&#8243; header_2_font_size=&#8220;33px&#8220; header_6_font=&#8220;|||on|||||&#8220; header_6_text_align=&#8220;center&#8220; header_6_font_size=&#8220;17px&#8220; header_6_line_height=&#8220;1.6em&#8220; custom_margin=&#8220;-4px|||||&#8220; custom_padding=&#8220;7px||0px|||&#8220; animation_style=&#8220;fade&#8220; hover_enabled=&#8220;0&#8243; header_font_size_last_edited=&#8220;off|desktop&#8220; locked=&#8220;off&#8220; global_colors_info=&#8220;{}&#8220; sticky_enabled=&#8220;0&#8243;]<\/p>\n<p style=\"text-align: center;\"><span>19. AGROTEC PETRONAS RALLY 2023 \u2013 ZSE,M\u010cR,ERT <\/span>(<a href=\"https:\/\/www.ewrc-results.com\/final\/86521-agrotec-petronas-rally-hustopece-2024\/\" target=\"_blank\" rel=\"noopener\">celkov\u00e9 v\u00fdsledky<\/a>)<\/p>\n<p style=\"text-align: center;\"><strong>\u00a0<a href=\"https:\/\/www.ewrc-results.com\/profile\/113416-adam-brezik\/\" target=\"_blank\" rel=\"noopener\">Adam B\u0159ez\u00edk<\/a> \u2013 <a href=\"https:\/\/www.ewrc-results.com\/coprofile\/90688-ondrej-krajca\/\" target=\"_blank\" rel=\"noopener\">Ond\u0159ej Kraj\u010da<\/a> (\u0160koda Fabia RS Rally2)<\/strong><\/p>\n<p>[\/et_pb_text][\/et_pb_column][\/et_pb_row][\/et_pb_section]<\/p>","protected":false},"excerpt":{"rendered":"<p>Historick\u00e9 v\u00fdsledky hustope\u010dsk\u00e9 rallyV\u00fdsledky p\u0159edchoz\u00edch ro\u010dn\u00edk\u016fgalerie v\u00edt\u011bz\u016fV\u00fdsledky, v\u00edt\u011bzov\u00e9 a jejich vozy1. AGROTEC RALLY HUSTOPE\u010cE 2005 \u2013 voln\u00fd z\u00e1vod (celkov\u00e9 v\u00fdsledky) Roman Odlo\u017eil\u00edk \u2013 Miroslav Fanta (Renault Clio S1600)2. AGROTEC W\u00dcRTH RALLY HUSTOPE\u010cE 2006 \u2013 M\u010cR SPRINTRALLY (celkov\u00e9 v\u00fdsledky) Josef Semer\u00e1d \u2013 Bohuslav Ceplecha (Mitsubishi Lancer EVO IX)3. AGROTEC IVECO RALLY 2007 (celkov\u00e9 v\u00fdsledky, M\u010cRHA) Leo\u0161 [&hellip;]<\/p>","protected":false},"author":1,"featured_media":759,"parent":0,"menu_order":0,"comment_status":"closed","ping_status":"closed","template":"","meta":{"_et_pb_use_builder":"on","_et_pb_old_content":"","_et_gb_content_width":"","footnotes":""},"yoast_head":"<!-- This site is optimized with the Yoast SEO plugin v21.9.1 - https:\/\/yoast.com\/wordpress\/plugins\/seo\/ -->\n<title>V\u00fdsledky p\u0159edchoz\u00edch ro\u010dn\u00edk\u016f a galerie v\u00edt\u011bz\u016f | AGROTEC Petronas Rally<\/title>\n<meta name=\"description\" content=\"Pod\u00edvejte se na v\u00fdsledky p\u0159edchoz\u00edch ro\u010dn\u00edk\u016f a galerii v\u00fdsledk\u016f hustope\u010dsk\u00e9 rally mezi vinohrady od roku 2005.\" \/>\n<meta name=\"robots\" content=\"index, follow, max-snippet:-1, max-image-preview:large, max-video-preview:-1\" \/>\n<link rel=\"canonical\" href=\"https:\/\/www.agrotecrally.cz\/en\/vysledky-predchozich-rocniku-a-galerie-vitezu\/\" \/>\n<meta property=\"og:locale\" content=\"en_GB\" \/>\n<meta property=\"og:type\" content=\"article\" \/>\n<meta property=\"og:title\" content=\"V\u00fdsledky p\u0159edchoz\u00edch ro\u010dn\u00edk\u016f a galerie v\u00edt\u011bz\u016f | AGROTEC Petronas Rally\" \/>\n<meta property=\"og:description\" content=\"Pod\u00edvejte se na v\u00fdsledky p\u0159edchoz\u00edch ro\u010dn\u00edk\u016f a galerii v\u00fdsledk\u016f hustope\u010dsk\u00e9 rally mezi vinohrady od roku 2005.\" \/>\n<meta property=\"og:url\" content=\"https:\/\/www.agrotecrally.cz\/en\/vysledky-predchozich-rocniku-a-galerie-vitezu\/\" \/>\n<meta property=\"og:site_name\" content=\"AGROTEC Petronas Rally\" \/>\n<meta property=\"article:publisher\" content=\"https:\/\/www.facebook.com\/agrotecrally\" \/>\n<meta property=\"article:modified_time\" content=\"2025-02-27T08:22:54+00:00\" \/>\n<meta property=\"og:image\" content=\"https:\/\/www.agrotecrally.cz\/wp-content\/uploads\/2021\/05\/IMGP2940-Edit.jpg\" \/>\n\t<meta property=\"og:image:width\" content=\"2011\" \/>\n\t<meta property=\"og:image:height\" content=\"1342\" \/>\n\t<meta property=\"og:image:type\" content=\"image\/jpeg\" \/>\n<meta name=\"twitter:card\" content=\"summary_large_image\" \/>\n<meta name=\"twitter:label1\" content=\"Estimated reading time\" \/>\n\t<meta name=\"twitter:data1\" content=\"2 minutes\" \/>\n<script type=\"application\/ld+json\" class=\"yoast-schema-graph\">{\"@context\":\"https:\/\/schema.org\",\"@graph\":[{\"@type\":\"WebPage\",\"@id\":\"https:\/\/www.agrotecrally.cz\/vysledky-predchozich-rocniku-a-galerie-vitezu\/\",\"url\":\"https:\/\/www.agrotecrally.cz\/vysledky-predchozich-rocniku-a-galerie-vitezu\/\",\"name\":\"V\u00fdsledky p\u0159edchoz\u00edch ro\u010dn\u00edk\u016f a galerie v\u00edt\u011bz\u016f | AGROTEC Petronas Rally\",\"isPartOf\":{\"@id\":\"https:\/\/www.agrotecrally.cz\/#website\"},\"datePublished\":\"2021-05-19T09:10:57+00:00\",\"dateModified\":\"2025-02-27T08:22:54+00:00\",\"description\":\"Pod\u00edvejte se na v\u00fdsledky p\u0159edchoz\u00edch ro\u010dn\u00edk\u016f a galerii v\u00fdsledk\u016f hustope\u010dsk\u00e9 rally mezi vinohrady od roku 2005.\",\"breadcrumb\":{\"@id\":\"https:\/\/www.agrotecrally.cz\/vysledky-predchozich-rocniku-a-galerie-vitezu\/#breadcrumb\"},\"inLanguage\":\"en-GB\",\"potentialAction\":[{\"@type\":\"ReadAction\",\"target\":[\"https:\/\/www.agrotecrally.cz\/vysledky-predchozich-rocniku-a-galerie-vitezu\/\"]}]},{\"@type\":\"BreadcrumbList\",\"@id\":\"https:\/\/www.agrotecrally.cz\/vysledky-predchozich-rocniku-a-galerie-vitezu\/#breadcrumb\",\"itemListElement\":[{\"@type\":\"ListItem\",\"position\":1,\"name\":\"Dom\u016f\",\"item\":\"https:\/\/www.agrotecrally.cz\/\"},{\"@type\":\"ListItem\",\"position\":2,\"name\":\"V\u00fdsledky p\u0159edchoz\u00edch ro\u010dn\u00edk\u016f a galerie v\u00edt\u011bz\u016f\"}]},{\"@type\":\"WebSite\",\"@id\":\"https:\/\/www.agrotecrally.cz\/#website\",\"url\":\"https:\/\/www.agrotecrally.cz\/\",\"name\":\"AGROTEC Petronas rally\",\"description\":\"Rally mezi vinicemi\",\"publisher\":{\"@id\":\"https:\/\/www.agrotecrally.cz\/#organization\"},\"potentialAction\":[{\"@type\":\"SearchAction\",\"target\":{\"@type\":\"EntryPoint\",\"urlTemplate\":\"https:\/\/www.agrotecrally.cz\/?s={search_term_string}\"},\"query-input\":\"required name=search_term_string\"}],\"inLanguage\":\"en-GB\"},{\"@type\":\"Organization\",\"@id\":\"https:\/\/www.agrotecrally.cz\/#organization\",\"name\":\"AGROTEC Petronas rally\",\"url\":\"https:\/\/www.agrotecrally.cz\/\",\"logo\":{\"@type\":\"ImageObject\",\"inLanguage\":\"en-GB\",\"@id\":\"https:\/\/www.agrotecrally.cz\/#\/schema\/logo\/image\/\",\"url\":\"https:\/\/www.agrotecrally.cz\/wp-content\/uploads\/2021\/05\/AGROTEC-RALLY_16-01-web-2.png\",\"contentUrl\":\"https:\/\/www.agrotecrally.cz\/wp-content\/uploads\/2021\/05\/AGROTEC-RALLY_16-01-web-2.png\",\"width\":459,\"height\":222,\"caption\":\"AGROTEC Petronas rally\"},\"image\":{\"@id\":\"https:\/\/www.agrotecrally.cz\/#\/schema\/logo\/image\/\"},\"sameAs\":[\"https:\/\/www.facebook.com\/agrotecrally\"]}]}<\/script>\n<!-- \/ Yoast SEO plugin. -->","yoast_head_json":{"title":"V\u00fdsledky p\u0159edchoz\u00edch ro\u010dn\u00edk\u016f a galerie v\u00edt\u011bz\u016f | AGROTEC Petronas Rally","description":"Pod\u00edvejte se na v\u00fdsledky p\u0159edchoz\u00edch ro\u010dn\u00edk\u016f a galerii v\u00fdsledk\u016f hustope\u010dsk\u00e9 rally mezi vinohrady od roku 2005.","robots":{"index":"index","follow":"follow","max-snippet":"max-snippet:-1","max-image-preview":"max-image-preview:large","max-video-preview":"max-video-preview:-1"},"canonical":"https:\/\/www.agrotecrally.cz\/en\/vysledky-predchozich-rocniku-a-galerie-vitezu\/","og_locale":"en_GB","og_type":"article","og_title":"V\u00fdsledky p\u0159edchoz\u00edch ro\u010dn\u00edk\u016f a galerie v\u00edt\u011bz\u016f | AGROTEC Petronas Rally","og_description":"Pod\u00edvejte se na v\u00fdsledky p\u0159edchoz\u00edch ro\u010dn\u00edk\u016f a galerii v\u00fdsledk\u016f hustope\u010dsk\u00e9 rally mezi vinohrady od roku 2005.","og_url":"https:\/\/www.agrotecrally.cz\/en\/vysledky-predchozich-rocniku-a-galerie-vitezu\/","og_site_name":"AGROTEC Petronas Rally","article_publisher":"https:\/\/www.facebook.com\/agrotecrally","article_modified_time":"2025-02-27T08:22:54+00:00","og_image":[{"width":2011,"height":1342,"url":"https:\/\/www.agrotecrally.cz\/wp-content\/uploads\/2021\/05\/IMGP2940-Edit.jpg","type":"image\/jpeg"}],"twitter_card":"summary_large_image","twitter_misc":{"Estimated reading time":"2 minutes"},"schema":{"@context":"https:\/\/schema.org","@graph":[{"@type":"WebPage","@id":"https:\/\/www.agrotecrally.cz\/vysledky-predchozich-rocniku-a-galerie-vitezu\/","url":"https:\/\/www.agrotecrally.cz\/vysledky-predchozich-rocniku-a-galerie-vitezu\/","name":"V\u00fdsledky p\u0159edchoz\u00edch ro\u010dn\u00edk\u016f a galerie v\u00edt\u011bz\u016f | AGROTEC Petronas Rally","isPartOf":{"@id":"https:\/\/www.agrotecrally.cz\/#website"},"datePublished":"2021-05-19T09:10:57+00:00","dateModified":"2025-02-27T08:22:54+00:00","description":"Pod\u00edvejte se na v\u00fdsledky p\u0159edchoz\u00edch ro\u010dn\u00edk\u016f a galerii v\u00fdsledk\u016f hustope\u010dsk\u00e9 rally mezi vinohrady od roku 2005.","breadcrumb":{"@id":"https:\/\/www.agrotecrally.cz\/vysledky-predchozich-rocniku-a-galerie-vitezu\/#breadcrumb"},"inLanguage":"en-GB","potentialAction":[{"@type":"ReadAction","target":["https:\/\/www.agrotecrally.cz\/vysledky-predchozich-rocniku-a-galerie-vitezu\/"]}]},{"@type":"BreadcrumbList","@id":"https:\/\/www.agrotecrally.cz\/vysledky-predchozich-rocniku-a-galerie-vitezu\/#breadcrumb","itemListElement":[{"@type":"ListItem","position":1,"name":"Dom\u016f","item":"https:\/\/www.agrotecrally.cz\/"},{"@type":"ListItem","position":2,"name":"V\u00fdsledky p\u0159edchoz\u00edch ro\u010dn\u00edk\u016f a galerie v\u00edt\u011bz\u016f"}]},{"@type":"WebSite","@id":"https:\/\/www.agrotecrally.cz\/#website","url":"https:\/\/www.agrotecrally.cz\/","name":"AGROTEC Petronas rally","description":"Rally mezi vinicemi","publisher":{"@id":"https:\/\/www.agrotecrally.cz\/#organization"},"potentialAction":[{"@type":"SearchAction","target":{"@type":"EntryPoint","urlTemplate":"https:\/\/www.agrotecrally.cz\/?s={search_term_string}"},"query-input":"required name=search_term_string"}],"inLanguage":"en-GB"},{"@type":"Organization","@id":"https:\/\/www.agrotecrally.cz\/#organization","name":"AGROTEC Petronas rally","url":"https:\/\/www.agrotecrally.cz\/","logo":{"@type":"ImageObject","inLanguage":"en-GB","@id":"https:\/\/www.agrotecrally.cz\/#\/schema\/logo\/image\/","url":"https:\/\/www.agrotecrally.cz\/wp-content\/uploads\/2021\/05\/AGROTEC-RALLY_16-01-web-2.png","contentUrl":"https:\/\/www.agrotecrally.cz\/wp-content\/uploads\/2021\/05\/AGROTEC-RALLY_16-01-web-2.png","width":459,"height":222,"caption":"AGROTEC Petronas rally"},"image":{"@id":"https:\/\/www.agrotecrally.cz\/#\/schema\/logo\/image\/"},"sameAs":["https:\/\/www.facebook.com\/agrotecrally"]}]}},"_links":{"self":[{"href":"https:\/\/www.agrotecrally.cz\/en\/wp-json\/wp\/v2\/pages\/757"}],"collection":[{"href":"https:\/\/www.agrotecrally.cz\/en\/wp-json\/wp\/v2\/pages"}],"about":[{"href":"https:\/\/www.agrotecrally.cz\/en\/wp-json\/wp\/v2\/types\/page"}],"author":[{"embeddable":true,"href":"https:\/\/www.agrotecrally.cz\/en\/wp-json\/wp\/v2\/users\/1"}],"replies":[{"embeddable":true,"href":"https:\/\/www.agrotecrally.cz\/en\/wp-json\/wp\/v2\/comments?post=757"}],"version-history":[{"count":11,"href":"https:\/\/www.agrotecrally.cz\/en\/wp-json\/wp\/v2\/pages\/757\/revisions"}],"predecessor-version":[{"id":3711,"href":"https:\/\/www.agrotecrally.cz\/en\/wp-json\/wp\/v2\/pages\/757\/revisions\/3711"}],"wp:featuredmedia":[{"embeddable":true,"href":"https:\/\/www.agrotecrally.cz\/en\/wp-json\/wp\/v2\/media\/759"}],"wp:attachment":[{"href":"https:\/\/www.agrotecrally.cz\/en\/wp-json\/wp\/v2\/media?parent=757"}],"curies":[{"name":"wp","href":"https:\/\/api.w.org\/{rel}","templated":true}]}}