{"id":773,"date":"2021-05-20T09:48:18","date_gmt":"2021-05-20T08:48:18","guid":{"rendered":"https:\/\/www.agrotecrally.cz\/?page_id=773"},"modified":"2025-02-27T09:56:10","modified_gmt":"2025-02-27T08:56:10","slug":"media-a-tisk","status":"publish","type":"page","link":"https:\/\/www.agrotecrally.cz\/en\/media-a-tisk\/","title":{"rendered":"Media and print"},"content":{"rendered":"<p>[et_pb_section fb_built=&#8220;1&#8243; next_background_color=&#8220;#ffffff&#8220; admin_label=&#8220;Hero&#8220; _builder_version=&#8220;4.16&#8243; background_color=&#8220;#008A78&#8243; background_image=&#8220;http:\/\/agrotecrally.marekmusil.cz\/wp-content\/uploads\/2021\/01\/circle-background-pattern.png&#8220; custom_padding=&#8220;67px|0px|67.1875px|0px|false|false&#8220; bottom_divider_style=&#8220;ramp2&#8243; bottom_divider_height=&#8220;125px&#8220; bottom_divider_flip=&#8220;horizontal&#8220; global_colors_info=&#8220;{}&#8220;][et_pb_row _builder_version=&#8220;4.16&#8243; custom_padding=&#8220;|||&#8220; animation_style=&#8220;slide&#8220; animation_direction=&#8220;top&#8220; animation_intensity_slide=&#8220;3%&#8220; global_colors_info=&#8220;{}&#8220;][et_pb_column type=&#8220;4_4&#8243; _builder_version=&#8220;4.16&#8243; custom_padding=&#8220;|||&#8220; global_colors_info=&#8220;{}&#8220; custom_padding__hover=&#8220;|||&#8220;][et_pb_text _builder_version=&#8220;4.16&#8243; text_font=&#8220;Montserrat|500||on|||||&#8220; text_text_color=&#8220;#353740&#8243; text_font_size=&#8220;16px&#8220; text_letter_spacing=&#8220;3px&#8220; custom_margin=&#8220;||29px|||&#8220; animation_style=&#8220;slide&#8220; animation_direction=&#8220;bottom&#8220; locked=&#8220;off&#8220; global_colors_info=&#8220;{}&#8220;]<\/p>\n<p>Informace pro novin\u00e1\u0159e<\/p>\n<p>[\/et_pb_text][et_pb_text _builder_version=&#8220;4.16&#8243; text_font=&#8220;||||||||&#8220; header_font=&#8220;|700||on|||||&#8220; header_text_color=&#8220;#f7f7f7&#8243; header_font_size=&#8220;46px&#8220; header_line_height=&#8220;1.3em&#8220; custom_margin=&#8220;|||&#8220; animation_style=&#8220;fade&#8220; header_font_size_last_edited=&#8220;off|desktop&#8220; locked=&#8220;off&#8220; global_colors_info=&#8220;{}&#8220;]<\/p>\n<h1>Tisk a media<br \/><span style=\"color: #353740;\">Akreditace AGROTEC Petronas rally 2023<\/span><\/h1>\n<p>[\/et_pb_text][\/et_pb_column][\/et_pb_row][\/et_pb_section][et_pb_section fb_built=&#8220;1&#8243; _builder_version=&#8220;4.16&#8243; _module_preset=&#8220;default&#8220; custom_padding=&#8220;21px||23px|||&#8220; global_colors_info=&#8220;{}&#8220;][et_pb_row _builder_version=&#8220;4.16&#8243; _module_preset=&#8220;default&#8220; global_colors_info=&#8220;{}&#8220;][et_pb_column type=&#8220;4_4&#8243; _builder_version=&#8220;4.16&#8243; _module_preset=&#8220;default&#8220; global_colors_info=&#8220;{}&#8220;][et_pb_text _builder_version=&#8220;4.24.0&#8243; _module_preset=&#8220;default&#8220; text_font_size=&#8220;16px&#8220; hover_enabled=&#8220;0&#8243; global_colors_info=&#8220;{}&#8220; sticky_enabled=&#8220;0&#8243;]<\/p>\n<h2><strong>Podm\u00ednky akreditace na AGROTEC PETRONAS Rally Hustope\u010de 2025<\/strong><\/h2>\n<p>&nbsp;<\/p>\n<p>\u017d\u00e1dosti o akreditaci na rok 2025 mus\u00ed b\u00fdt pod\u00e1v\u00e1ny pouze prost\u0159ednictv\u00edm emailu: <a href=\"mailto:akreditace@mediadelegat.cz\">akreditace@mediadelegat.cz<\/a>.<\/p>\n<p>P\u0159\u00edstup do informa\u010dn\u00edho syst\u00e9mu (IS) novin\u00e1\u0159 z\u00edsk\u00e1 na z\u00e1klad\u011b vypln\u011bn\u00e9ho <a href=\"https:\/\/www.autoklub.cz\/wp-content\/uploads\/2023\/01\/x10-x-media-23-draft.pdf\">akredita\u010dn\u00edho formul\u00e1\u0159e dostupn\u00e9ho v PDF na str\u00e1nk\u00e1ch Autoklubu \u010cR<\/a>.<\/p>\n<p><strong>Um\u00edst\u011bn\u00ed tiskov\u00e9ho st\u0159ediska<\/strong><br \/><strong>M\u00edsto: Hustope\u010de, are\u00e1l AGROTEC a.s., Brn\u011bnsk\u00e1 74<\/strong><\/p>\n<p>&nbsp;<\/p>\n<p>[\/et_pb_text][et_pb_text _builder_version=&#8220;4.16&#8243; _module_preset=&#8220;default&#8220; custom_margin=&#8220;||13px|||&#8220; global_colors_info=&#8220;{}&#8220;]<\/p>\n<h2 style=\"text-align: center;\">Kontaktn\u00ed osoba<\/h2>\n<p>[\/et_pb_text][et_pb_blurb title=&#8220;Tom\u00e1\u0161 Plach\u00fd&#8220; use_icon=&#8220;on&#8220; font_icon=&#8220;&#xe08a;||divi||400&#8243; icon_color=&#8220;#008A78&#8243; image_icon_width=&#8220;60px&#8220; _builder_version=&#8220;4.16&#8243; header_font=&#8220;Montserrat|on|||&#8220; header_text_color=&#8220;#353740&#8243; header_font_size=&#8220;22px&#8220; header_line_height=&#8220;1.4em&#8220; body_font=&#8220;Montserrat||||&#8220; body_text_color=&#8220;#747d88&#8243; body_font_size=&#8220;16px&#8220; body_line_height=&#8220;1.8em&#8220; text_orientation=&#8220;center&#8220; custom_padding=&#8220;9px|30px|30px|30px||&#8220; animation_style=&#8220;zoom&#8220; animation_delay=&#8220;200ms&#8220; border_width_all=&#8220;0px&#8220; border_color_all=&#8220;#dddddd&#8220; border_style_all=&#8220;solid&#8220; use_border_color=&#8220;on&#8220; border_color=&#8220;#dddddd&#8220; icon_font_size=&#8220;60px&#8220; global_colors_info=&#8220;{}&#8220;]<\/p>\n<p><a href=\"\/en\/ 420 724 050 188\/\">+420 724 050 188<\/a><\/p>\n<p><a href=\"mailto:topmedia@seznam.cz\">topmedia@seznam.cz<\/a><\/p>\n<p>[\/et_pb_blurb][\/et_pb_column][\/et_pb_row][\/et_pb_section][et_pb_section fb_built=&#8220;1&#8243; _builder_version=&#8220;4.16&#8243; _module_preset=&#8220;default&#8220; custom_padding=&#8220;16px||32px|||&#8220; global_colors_info=&#8220;{}&#8220;][\/et_pb_section]<\/p>","protected":false},"excerpt":{"rendered":"<p>Informace pro novin\u00e1\u0159eTisk a mediaAkreditace AGROTEC Petronas rally 2023Podm\u00ednky akreditace na AGROTEC PETRONAS Rally Hustope\u010de 2025 &nbsp; \u017d\u00e1dosti o akreditaci na rok 2025 mus\u00ed b\u00fdt pod\u00e1v\u00e1ny pouze prost\u0159ednictv\u00edm emailu: akreditace@mediadelegat.cz. P\u0159\u00edstup do informa\u010dn\u00edho syst\u00e9mu (IS) novin\u00e1\u0159 z\u00edsk\u00e1 na z\u00e1klad\u011b vypln\u011bn\u00e9ho akredita\u010dn\u00edho formul\u00e1\u0159e dostupn\u00e9ho v PDF na str\u00e1nk\u00e1ch Autoklubu \u010cR. Um\u00edst\u011bn\u00ed tiskov\u00e9ho st\u0159ediskaM\u00edsto: Hustope\u010de, are\u00e1l AGROTEC [&hellip;]<\/p>","protected":false},"author":1,"featured_media":0,"parent":0,"menu_order":0,"comment_status":"closed","ping_status":"closed","template":"","meta":{"_et_pb_use_builder":"on","_et_pb_old_content":"","_et_gb_content_width":"","footnotes":""},"yoast_head":"<!-- This site is optimized with the Yoast SEO plugin v21.9.1 - https:\/\/yoast.com\/wordpress\/plugins\/seo\/ -->\n<title>Media a tisk | AGROTEC Petronas Rally<\/title>\n<meta name=\"description\" content=\"Informace pro tisk a media. Naleznete zde informace k akreditac\u00edm, seznam p\u0159ihl\u00e1\u0161en\u00fdch pos\u00e1dek, mapy i \u010dasov\u00fd harmonogram.\" \/>\n<meta name=\"robots\" content=\"index, follow, max-snippet:-1, max-image-preview:large, max-video-preview:-1\" \/>\n<link rel=\"canonical\" href=\"https:\/\/www.agrotecrally.cz\/en\/media-a-tisk\/\" \/>\n<meta property=\"og:locale\" content=\"en_GB\" \/>\n<meta property=\"og:type\" content=\"article\" \/>\n<meta property=\"og:title\" content=\"Media a tisk | AGROTEC Petronas Rally\" \/>\n<meta property=\"og:description\" content=\"Informace pro tisk a media. Naleznete zde informace k akreditac\u00edm, seznam p\u0159ihl\u00e1\u0161en\u00fdch pos\u00e1dek, mapy i \u010dasov\u00fd harmonogram.\" \/>\n<meta property=\"og:url\" content=\"https:\/\/www.agrotecrally.cz\/en\/media-a-tisk\/\" \/>\n<meta property=\"og:site_name\" content=\"AGROTEC Petronas Rally\" \/>\n<meta property=\"article:publisher\" content=\"https:\/\/www.facebook.com\/agrotecrally\" \/>\n<meta property=\"article:modified_time\" content=\"2025-02-27T08:56:10+00:00\" \/>\n<meta name=\"twitter:card\" content=\"summary_large_image\" \/>\n<meta name=\"twitter:label1\" content=\"Estimated reading time\" \/>\n\t<meta name=\"twitter:data1\" content=\"1 minute\" \/>\n<script type=\"application\/ld+json\" class=\"yoast-schema-graph\">{\"@context\":\"https:\/\/schema.org\",\"@graph\":[{\"@type\":\"WebPage\",\"@id\":\"https:\/\/www.agrotecrally.cz\/media-a-tisk\/\",\"url\":\"https:\/\/www.agrotecrally.cz\/media-a-tisk\/\",\"name\":\"Media a tisk | AGROTEC Petronas Rally\",\"isPartOf\":{\"@id\":\"https:\/\/www.agrotecrally.cz\/#website\"},\"datePublished\":\"2021-05-20T08:48:18+00:00\",\"dateModified\":\"2025-02-27T08:56:10+00:00\",\"description\":\"Informace pro tisk a media. Naleznete zde informace k akreditac\u00edm, seznam p\u0159ihl\u00e1\u0161en\u00fdch pos\u00e1dek, mapy i \u010dasov\u00fd harmonogram.\",\"breadcrumb\":{\"@id\":\"https:\/\/www.agrotecrally.cz\/media-a-tisk\/#breadcrumb\"},\"inLanguage\":\"en-GB\",\"potentialAction\":[{\"@type\":\"ReadAction\",\"target\":[\"https:\/\/www.agrotecrally.cz\/media-a-tisk\/\"]}]},{\"@type\":\"BreadcrumbList\",\"@id\":\"https:\/\/www.agrotecrally.cz\/media-a-tisk\/#breadcrumb\",\"itemListElement\":[{\"@type\":\"ListItem\",\"position\":1,\"name\":\"Dom\u016f\",\"item\":\"https:\/\/www.agrotecrally.cz\/\"},{\"@type\":\"ListItem\",\"position\":2,\"name\":\"Media a tisk\"}]},{\"@type\":\"WebSite\",\"@id\":\"https:\/\/www.agrotecrally.cz\/#website\",\"url\":\"https:\/\/www.agrotecrally.cz\/\",\"name\":\"AGROTEC Petronas rally\",\"description\":\"Rally mezi vinicemi\",\"publisher\":{\"@id\":\"https:\/\/www.agrotecrally.cz\/#organization\"},\"potentialAction\":[{\"@type\":\"SearchAction\",\"target\":{\"@type\":\"EntryPoint\",\"urlTemplate\":\"https:\/\/www.agrotecrally.cz\/?s={search_term_string}\"},\"query-input\":\"required name=search_term_string\"}],\"inLanguage\":\"en-GB\"},{\"@type\":\"Organization\",\"@id\":\"https:\/\/www.agrotecrally.cz\/#organization\",\"name\":\"AGROTEC Petronas rally\",\"url\":\"https:\/\/www.agrotecrally.cz\/\",\"logo\":{\"@type\":\"ImageObject\",\"inLanguage\":\"en-GB\",\"@id\":\"https:\/\/www.agrotecrally.cz\/#\/schema\/logo\/image\/\",\"url\":\"https:\/\/www.agrotecrally.cz\/wp-content\/uploads\/2021\/05\/AGROTEC-RALLY_16-01-web-2.png\",\"contentUrl\":\"https:\/\/www.agrotecrally.cz\/wp-content\/uploads\/2021\/05\/AGROTEC-RALLY_16-01-web-2.png\",\"width\":459,\"height\":222,\"caption\":\"AGROTEC Petronas rally\"},\"image\":{\"@id\":\"https:\/\/www.agrotecrally.cz\/#\/schema\/logo\/image\/\"},\"sameAs\":[\"https:\/\/www.facebook.com\/agrotecrally\"]}]}<\/script>\n<!-- \/ Yoast SEO plugin. -->","yoast_head_json":{"title":"Media a tisk | AGROTEC Petronas Rally","description":"Informace pro tisk a media. Naleznete zde informace k akreditac\u00edm, seznam p\u0159ihl\u00e1\u0161en\u00fdch pos\u00e1dek, mapy i \u010dasov\u00fd harmonogram.","robots":{"index":"index","follow":"follow","max-snippet":"max-snippet:-1","max-image-preview":"max-image-preview:large","max-video-preview":"max-video-preview:-1"},"canonical":"https:\/\/www.agrotecrally.cz\/en\/media-a-tisk\/","og_locale":"en_GB","og_type":"article","og_title":"Media a tisk | AGROTEC Petronas Rally","og_description":"Informace pro tisk a media. Naleznete zde informace k akreditac\u00edm, seznam p\u0159ihl\u00e1\u0161en\u00fdch pos\u00e1dek, mapy i \u010dasov\u00fd harmonogram.","og_url":"https:\/\/www.agrotecrally.cz\/en\/media-a-tisk\/","og_site_name":"AGROTEC Petronas Rally","article_publisher":"https:\/\/www.facebook.com\/agrotecrally","article_modified_time":"2025-02-27T08:56:10+00:00","twitter_card":"summary_large_image","twitter_misc":{"Estimated reading time":"1 minute"},"schema":{"@context":"https:\/\/schema.org","@graph":[{"@type":"WebPage","@id":"https:\/\/www.agrotecrally.cz\/media-a-tisk\/","url":"https:\/\/www.agrotecrally.cz\/media-a-tisk\/","name":"Media a tisk | AGROTEC Petronas Rally","isPartOf":{"@id":"https:\/\/www.agrotecrally.cz\/#website"},"datePublished":"2021-05-20T08:48:18+00:00","dateModified":"2025-02-27T08:56:10+00:00","description":"Informace pro tisk a media. Naleznete zde informace k akreditac\u00edm, seznam p\u0159ihl\u00e1\u0161en\u00fdch pos\u00e1dek, mapy i \u010dasov\u00fd harmonogram.","breadcrumb":{"@id":"https:\/\/www.agrotecrally.cz\/media-a-tisk\/#breadcrumb"},"inLanguage":"en-GB","potentialAction":[{"@type":"ReadAction","target":["https:\/\/www.agrotecrally.cz\/media-a-tisk\/"]}]},{"@type":"BreadcrumbList","@id":"https:\/\/www.agrotecrally.cz\/media-a-tisk\/#breadcrumb","itemListElement":[{"@type":"ListItem","position":1,"name":"Dom\u016f","item":"https:\/\/www.agrotecrally.cz\/"},{"@type":"ListItem","position":2,"name":"Media a tisk"}]},{"@type":"WebSite","@id":"https:\/\/www.agrotecrally.cz\/#website","url":"https:\/\/www.agrotecrally.cz\/","name":"AGROTEC Petronas rally","description":"Rally mezi vinicemi","publisher":{"@id":"https:\/\/www.agrotecrally.cz\/#organization"},"potentialAction":[{"@type":"SearchAction","target":{"@type":"EntryPoint","urlTemplate":"https:\/\/www.agrotecrally.cz\/?s={search_term_string}"},"query-input":"required name=search_term_string"}],"inLanguage":"en-GB"},{"@type":"Organization","@id":"https:\/\/www.agrotecrally.cz\/#organization","name":"AGROTEC Petronas rally","url":"https:\/\/www.agrotecrally.cz\/","logo":{"@type":"ImageObject","inLanguage":"en-GB","@id":"https:\/\/www.agrotecrally.cz\/#\/schema\/logo\/image\/","url":"https:\/\/www.agrotecrally.cz\/wp-content\/uploads\/2021\/05\/AGROTEC-RALLY_16-01-web-2.png","contentUrl":"https:\/\/www.agrotecrally.cz\/wp-content\/uploads\/2021\/05\/AGROTEC-RALLY_16-01-web-2.png","width":459,"height":222,"caption":"AGROTEC Petronas rally"},"image":{"@id":"https:\/\/www.agrotecrally.cz\/#\/schema\/logo\/image\/"},"sameAs":["https:\/\/www.facebook.com\/agrotecrally"]}]}},"_links":{"self":[{"href":"https:\/\/www.agrotecrally.cz\/en\/wp-json\/wp\/v2\/pages\/773"}],"collection":[{"href":"https:\/\/www.agrotecrally.cz\/en\/wp-json\/wp\/v2\/pages"}],"about":[{"href":"https:\/\/www.agrotecrally.cz\/en\/wp-json\/wp\/v2\/types\/page"}],"author":[{"embeddable":true,"href":"https:\/\/www.agrotecrally.cz\/en\/wp-json\/wp\/v2\/users\/1"}],"replies":[{"embeddable":true,"href":"https:\/\/www.agrotecrally.cz\/en\/wp-json\/wp\/v2\/comments?post=773"}],"version-history":[{"count":24,"href":"https:\/\/www.agrotecrally.cz\/en\/wp-json\/wp\/v2\/pages\/773\/revisions"}],"predecessor-version":[{"id":3719,"href":"https:\/\/www.agrotecrally.cz\/en\/wp-json\/wp\/v2\/pages\/773\/revisions\/3719"}],"wp:attachment":[{"href":"https:\/\/www.agrotecrally.cz\/en\/wp-json\/wp\/v2\/media?parent=773"}],"curies":[{"name":"wp","href":"https:\/\/api.w.org\/{rel}","templated":true}]}}